{"id":440,"date":"2020-09-07T12:37:21","date_gmt":"2020-09-07T10:37:21","guid":{"rendered":"https:\/\/www.liday-merch.fr\/?page_id=440"},"modified":"2020-11-27T07:25:56","modified_gmt":"2020-11-27T06:25:56","slug":"conditions-generales-de-vente-liday-merch","status":"publish","type":"page","link":"https:\/\/www.liday-merch.fr\/index.php\/conditions-generales-de-vente-liday-merch\/","title":{"rendered":"Conditions g\u00e9n\u00e9rales de vente"},"content":{"rendered":"\t\t<div data-elementor-type=\"wp-page\" data-elementor-id=\"440\" class=\"elementor elementor-440\" data-elementor-settings=\"[]\">\n\t\t\t\t\t\t<div class=\"elementor-inner\">\n\t\t\t\t\t\t\t<div class=\"elementor-section-wrap\">\n\t\t\t\t\t\t\t<section class=\"elementor-section elementor-top-section elementor-element elementor-element-2b13e8de elementor-section-height-min-height elementor-section-boxed elementor-section-height-default elementor-section-items-middle\" data-id=\"2b13e8de\" data-element_type=\"section\">\n\t\t\t\t\t\t<div class=\"elementor-container elementor-column-gap-default\">\n\t\t\t\t\t\t\t<div class=\"elementor-row\">\n\t\t\t\t\t<div class=\"elementor-column elementor-col-33 elementor-top-column elementor-element elementor-element-26874768\" data-id=\"26874768\" data-element_type=\"column\">\n\t\t\t<div class=\"elementor-column-wrap elementor-element-populated\">\n\t\t\t\t\t\t\t<div class=\"elementor-widget-wrap\">\n\t\t\t\t\t\t<div class=\"elementor-element elementor-element-3a4d59fa elementor-widget__width-initial elementor-widget-tablet__width-initial elementor-widget elementor-widget-image\" data-id=\"3a4d59fa\" data-element_type=\"widget\" data-widget_type=\"image.default\">\n\t\t\t\t<div class=\"elementor-widget-container\">\n\t\t\t\t\t\t\t\t<div class=\"elementor-image\">\n\t\t\t\t\t\t\t\t\t\t\t\t\t<a href=\"https:\/\/www.liday-merch.fr\/\">\n\t\t\t\t\t\t\t<img width=\"1998\" height=\"893\" src=\"https:\/\/www.liday-merch.fr\/wp-content\/uploads\/2020\/09\/LOGO-IDAY-MERCH.png\" class=\"elementor-animation-shrink attachment-full size-full\" alt=\"L&#039;IDAY MERCH STYLISME &amp; ACCESSOIRES POUR LE MERCHANDISING\" loading=\"lazy\" srcset=\"https:\/\/www.liday-merch.fr\/wp-content\/uploads\/2020\/09\/LOGO-IDAY-MERCH.png 1998w, https:\/\/www.liday-merch.fr\/wp-content\/uploads\/2020\/09\/LOGO-IDAY-MERCH-300x134.png 300w, https:\/\/www.liday-merch.fr\/wp-content\/uploads\/2020\/09\/LOGO-IDAY-MERCH-1024x458.png 1024w, https:\/\/www.liday-merch.fr\/wp-content\/uploads\/2020\/09\/LOGO-IDAY-MERCH-768x343.png 768w, https:\/\/www.liday-merch.fr\/wp-content\/uploads\/2020\/09\/LOGO-IDAY-MERCH-1536x687.png 1536w, https:\/\/www.liday-merch.fr\/wp-content\/uploads\/2020\/09\/LOGO-IDAY-MERCH-1080x483.png 1080w, https:\/\/www.liday-merch.fr\/wp-content\/uploads\/2020\/09\/LOGO-IDAY-MERCH-600x268.png 600w\" sizes=\"(max-width: 1998px) 100vw, 1998px\" \/>\t\t\t\t\t\t\t\t<\/a>\n\t\t\t\t\t\t\t\t\t\t\t\t\t\t<\/div>\n\t\t\t\t\t\t<\/div>\n\t\t\t\t<\/div>\n\t\t\t\t\t\t<\/div>\n\t\t\t\t\t<\/div>\n\t\t<\/div>\n\t\t\t\t<div class=\"elementor-column elementor-col-33 elementor-top-column elementor-element elementor-element-46fb7af5\" data-id=\"46fb7af5\" data-element_type=\"column\">\n\t\t\t<div class=\"elementor-column-wrap elementor-element-populated\">\n\t\t\t\t\t\t\t<div class=\"elementor-widget-wrap\">\n\t\t\t\t\t\t<div class=\"elementor-element elementor-element-5efa3599 elementor-nav-menu__align-right elementor-nav-menu__text-align-center elementor-nav-menu--dropdown-tablet elementor-nav-menu--toggle elementor-nav-menu--burger elementor-widget elementor-widget-nav-menu\" data-id=\"5efa3599\" data-element_type=\"widget\" data-settings=\"{&quot;layout&quot;:&quot;horizontal&quot;,&quot;submenu_icon&quot;:{&quot;value&quot;:&quot;fas fa-caret-down&quot;,&quot;library&quot;:&quot;fa-solid&quot;},&quot;toggle&quot;:&quot;burger&quot;}\" data-widget_type=\"nav-menu.default\">\n\t\t\t\t<div class=\"elementor-widget-container\">\n\t\t\t\t\t\t<nav migration_allowed=\"1\" migrated=\"0\" role=\"navigation\" class=\"elementor-nav-menu--main elementor-nav-menu__container elementor-nav-menu--layout-horizontal e--pointer-double-line e--animation-fade\"><ul id=\"menu-1-5efa3599\" class=\"elementor-nav-menu\"><li class=\"menu-item menu-item-type-post_type menu-item-object-page menu-item-284\"><a href=\"https:\/\/www.liday-merch.fr\/index.php\/stylisme-magasins-liday-merch\/\" class=\"elementor-item\">Stylisme magasins<\/a><\/li>\n<li class=\"menu-item menu-item-type-post_type menu-item-object-page menu-item-488\"><a href=\"https:\/\/www.liday-merch.fr\/index.php\/impostures-visuelles-packaging-design-graphique-liday-merch\/\" class=\"elementor-item\">Impostures visuelles<\/a><\/li>\n<li class=\"menu-item menu-item-type-post_type menu-item-object-page menu-item-285\"><a href=\"https:\/\/www.liday-merch.fr\/index.php\/home-styling-liday-merch\/\" class=\"elementor-item\">Home styling<\/a><\/li>\n<li class=\"menu-item menu-item-type-post_type menu-item-object-page menu-item-1971\"><a href=\"https:\/\/www.liday-merch.fr\/index.php\/bio-isabelle-delroeux-liday-merch\/\" class=\"elementor-item\">Bio<\/a><\/li>\n<li class=\"menu-item menu-item-type-custom menu-item-object-custom menu-item-home menu-item-1023\"><a href=\"https:\/\/www.liday-merch.fr\/#REFERENCES\" class=\"elementor-item elementor-item-anchor\">References<\/a><\/li>\n<li class=\"menu-item menu-item-type-custom menu-item-object-custom menu-item-home menu-item-1022\"><a href=\"https:\/\/www.liday-merch.fr\/#CONTACT\" class=\"elementor-item elementor-item-anchor\">Contact<\/a><\/li>\n<\/ul><\/nav>\n\t\t\t\t\t<div class=\"elementor-menu-toggle\" role=\"button\" tabindex=\"0\" aria-label=\"Permuter le menu\" aria-expanded=\"false\">\n\t\t\t<i class=\"eicon-menu-bar\" aria-hidden=\"true\" role=\"presentation\"><\/i>\n\t\t\t<span class=\"elementor-screen-only\">Menu<\/span>\n\t\t<\/div>\n\t\t\t<nav class=\"elementor-nav-menu--dropdown elementor-nav-menu__container\" role=\"navigation\" aria-hidden=\"true\"><ul id=\"menu-2-5efa3599\" class=\"elementor-nav-menu\"><li class=\"menu-item menu-item-type-post_type menu-item-object-page menu-item-284\"><a href=\"https:\/\/www.liday-merch.fr\/index.php\/stylisme-magasins-liday-merch\/\" class=\"elementor-item\" tabindex=\"-1\">Stylisme magasins<\/a><\/li>\n<li class=\"menu-item menu-item-type-post_type menu-item-object-page menu-item-488\"><a href=\"https:\/\/www.liday-merch.fr\/index.php\/impostures-visuelles-packaging-design-graphique-liday-merch\/\" class=\"elementor-item\" tabindex=\"-1\">Impostures visuelles<\/a><\/li>\n<li class=\"menu-item menu-item-type-post_type menu-item-object-page menu-item-285\"><a href=\"https:\/\/www.liday-merch.fr\/index.php\/home-styling-liday-merch\/\" class=\"elementor-item\" tabindex=\"-1\">Home styling<\/a><\/li>\n<li class=\"menu-item menu-item-type-post_type menu-item-object-page menu-item-1971\"><a href=\"https:\/\/www.liday-merch.fr\/index.php\/bio-isabelle-delroeux-liday-merch\/\" class=\"elementor-item\" tabindex=\"-1\">Bio<\/a><\/li>\n<li class=\"menu-item menu-item-type-custom menu-item-object-custom menu-item-home menu-item-1023\"><a href=\"https:\/\/www.liday-merch.fr\/#REFERENCES\" class=\"elementor-item elementor-item-anchor\" tabindex=\"-1\">References<\/a><\/li>\n<li class=\"menu-item menu-item-type-custom menu-item-object-custom menu-item-home menu-item-1022\"><a href=\"https:\/\/www.liday-merch.fr\/#CONTACT\" class=\"elementor-item elementor-item-anchor\" tabindex=\"-1\">Contact<\/a><\/li>\n<\/ul><\/nav>\n\t\t\t\t<\/div>\n\t\t\t\t<\/div>\n\t\t\t\t\t\t<\/div>\n\t\t\t\t\t<\/div>\n\t\t<\/div>\n\t\t\t\t<div class=\"elementor-column elementor-col-33 elementor-top-column elementor-element elementor-element-4867f5d4\" data-id=\"4867f5d4\" data-element_type=\"column\">\n\t\t\t<div class=\"elementor-column-wrap elementor-element-populated\">\n\t\t\t\t\t\t\t<div class=\"elementor-widget-wrap\">\n\t\t\t\t\t\t<div class=\"elementor-element elementor-element-483f8495 elementor-widget__width-initial elementor-widget elementor-widget-image\" data-id=\"483f8495\" data-element_type=\"widget\" data-widget_type=\"image.default\">\n\t\t\t\t<div class=\"elementor-widget-container\">\n\t\t\t\t\t\t\t\t<div class=\"elementor-image\">\n\t\t\t\t\t\t\t\t\t\t\t\t\t<a href=\"https:\/\/www.liday-merch.fr\/\">\n\t\t\t\t\t\t\t<img width=\"938\" height=\"624\" src=\"https:\/\/www.liday-merch.fr\/wp-content\/uploads\/2020\/09\/DRAPEAU-FRANCAIS.png\" class=\"elementor-animation-grow attachment-large size-large\" alt=\"L&#039;IDAY MERCH STYLISME &amp; ACCESSOIRES POUR LE MERCHANDISING\" loading=\"lazy\" srcset=\"https:\/\/www.liday-merch.fr\/wp-content\/uploads\/2020\/09\/DRAPEAU-FRANCAIS.png 938w, https:\/\/www.liday-merch.fr\/wp-content\/uploads\/2020\/09\/DRAPEAU-FRANCAIS-300x200.png 300w, https:\/\/www.liday-merch.fr\/wp-content\/uploads\/2020\/09\/DRAPEAU-FRANCAIS-768x511.png 768w\" sizes=\"(max-width: 938px) 100vw, 938px\" \/>\t\t\t\t\t\t\t\t<\/a>\n\t\t\t\t\t\t\t\t\t\t\t\t\t\t<\/div>\n\t\t\t\t\t\t<\/div>\n\t\t\t\t<\/div>\n\t\t\t\t<div class=\"elementor-element elementor-element-7778aecd elementor-widget__width-initial elementor-widget elementor-widget-image\" data-id=\"7778aecd\" data-element_type=\"widget\" data-widget_type=\"image.default\">\n\t\t\t\t<div class=\"elementor-widget-container\">\n\t\t\t\t\t\t\t\t<div class=\"elementor-image\">\n\t\t\t\t\t\t\t\t\t\t\t\t\t<a href=\"https:\/\/www.liday-merch.fr\/index.php\/liday-merch-stylism-accessories-for-merchandising\/\">\n\t\t\t\t\t\t\t<img width=\"938\" height=\"624\" src=\"https:\/\/www.liday-merch.fr\/wp-content\/uploads\/2020\/09\/DRAPEAU-ANGLAIS.png\" class=\"elementor-animation-grow attachment-large size-large\" alt=\"L&#039;IDAY MERCH STYLISME &amp; ACCESSOIRES POUR LE MERCHANDISING\" loading=\"lazy\" srcset=\"https:\/\/www.liday-merch.fr\/wp-content\/uploads\/2020\/09\/DRAPEAU-ANGLAIS.png 938w, https:\/\/www.liday-merch.fr\/wp-content\/uploads\/2020\/09\/DRAPEAU-ANGLAIS-300x200.png 300w, https:\/\/www.liday-merch.fr\/wp-content\/uploads\/2020\/09\/DRAPEAU-ANGLAIS-768x511.png 768w\" sizes=\"(max-width: 938px) 100vw, 938px\" \/>\t\t\t\t\t\t\t\t<\/a>\n\t\t\t\t\t\t\t\t\t\t\t\t\t\t<\/div>\n\t\t\t\t\t\t<\/div>\n\t\t\t\t<\/div>\n\t\t\t\t\t\t<\/div>\n\t\t\t\t\t<\/div>\n\t\t<\/div>\n\t\t\t\t\t\t\t\t<\/div>\n\t\t\t\t\t<\/div>\n\t\t<\/section>\n\t\t\t\t<section class=\"elementor-section elementor-top-section elementor-element elementor-element-58aa3e61 elementor-section-height-min-height elementor-section-boxed elementor-section-height-default elementor-section-items-middle\" data-id=\"58aa3e61\" data-element_type=\"section\">\n\t\t\t\t\t\t<div class=\"elementor-container elementor-column-gap-default\">\n\t\t\t\t\t\t\t<div class=\"elementor-row\">\n\t\t\t\t\t<div class=\"elementor-column elementor-col-100 elementor-top-column elementor-element elementor-element-7bea9e08\" data-id=\"7bea9e08\" data-element_type=\"column\">\n\t\t\t<div class=\"elementor-column-wrap elementor-element-populated\">\n\t\t\t\t\t\t\t<div class=\"elementor-widget-wrap\">\n\t\t\t\t\t\t<div class=\"elementor-element elementor-element-61061756 elementor-widget elementor-widget-heading\" data-id=\"61061756\" data-element_type=\"widget\" data-settings=\"{&quot;_animation&quot;:&quot;none&quot;}\" data-widget_type=\"heading.default\">\n\t\t\t\t<div class=\"elementor-widget-container\">\n\t\t\t<h1 class=\"elementor-heading-title elementor-size-default\">L'IDAY MERCH<BR>CONDITIONS G\u00c9N\u00c9RALES DE VENTE<\/h1>\t\t<\/div>\n\t\t\t\t<\/div>\n\t\t\t\t<div class=\"elementor-element elementor-element-43f6cf4 elementor-widget elementor-widget-heading\" data-id=\"43f6cf4\" data-element_type=\"widget\" data-settings=\"{&quot;_animation&quot;:&quot;none&quot;}\" data-widget_type=\"heading.default\">\n\t\t\t\t<div class=\"elementor-widget-container\">\n\t\t\t<h2 class=\"elementor-heading-title elementor-size-default\">VERSION APPLICABLE \u00c0 COMPTER DU 01\/01\/2020<\/h2>\t\t<\/div>\n\t\t\t\t<\/div>\n\t\t\t\t\t\t<\/div>\n\t\t\t\t\t<\/div>\n\t\t<\/div>\n\t\t\t\t\t\t\t\t<\/div>\n\t\t\t\t\t<\/div>\n\t\t<\/section>\n\t\t\t\t<section class=\"elementor-section elementor-top-section elementor-element elementor-element-0e3b3c5 elementor-section-height-min-height elementor-section-items-top elementor-section-boxed elementor-section-height-default\" data-id=\"0e3b3c5\" data-element_type=\"section\">\n\t\t\t\t\t\t<div class=\"elementor-container elementor-column-gap-default\">\n\t\t\t\t\t\t\t<div class=\"elementor-row\">\n\t\t\t\t\t<div class=\"elementor-column elementor-col-100 elementor-top-column elementor-element elementor-element-409ee00\" data-id=\"409ee00\" data-element_type=\"column\">\n\t\t\t<div class=\"elementor-column-wrap elementor-element-populated\">\n\t\t\t\t\t\t\t<div class=\"elementor-widget-wrap\">\n\t\t\t\t\t\t<div class=\"elementor-element elementor-element-7ce0d45 elementor-widget elementor-widget-heading\" data-id=\"7ce0d45\" data-element_type=\"widget\" data-widget_type=\"heading.default\">\n\t\t\t\t<div class=\"elementor-widget-container\">\n\t\t\t<h2 class=\"elementor-heading-title elementor-size-default\">L'iday merch conditions g\u00e9n\u00e9rales de vente. Les pr\u00e9sentes Conditions G\u00e9n\u00e9rales de Vente (ci-apr\u00e8s \u00ab les Conditions G\u00e9n\u00e9rales \u00bb)\nsont conclues entre, d\u2019une part, L'Iday Merch, Entreprise Individuelle \u00e0 Responsabilit\u00e9\nLimit\u00e9e, inscrite au registre du commerce et des soci\u00e9t\u00e9s d'Arras sous le num\u00e9ro 754\n036 838 dont le si\u00e8ge social est situ\u00e9 au 1, rue Henri Lebleu 62840 FLEURBAIX,\nrepr\u00e9sent\u00e9e par son repr\u00e9sentant l\u00e9gal (ci-apr\u00e8s \u00ab le Prestataire \u00bb), et, d\u2019autre part, le\nClient dont l\u2019identit\u00e9 et les coordonn\u00e9es sont d\u00e9taill\u00e9es sur le devis auquel les\npr\u00e9sentes Conditions G\u00e9n\u00e9rales sont annex\u00e9es (ci-apr\u00e8s \u00ab le Client \u00bb) (ci-apr\u00e8s\nensemble \u00ab les Parties \u00bb).<\/h2>\t\t<\/div>\n\t\t\t\t<\/div>\n\t\t\t\t\t\t<\/div>\n\t\t\t\t\t<\/div>\n\t\t<\/div>\n\t\t\t\t\t\t\t\t<\/div>\n\t\t\t\t\t<\/div>\n\t\t<\/section>\n\t\t\t\t<section class=\"elementor-section elementor-top-section elementor-element elementor-element-6b628cf elementor-section-boxed elementor-section-height-default elementor-section-height-default\" data-id=\"6b628cf\" data-element_type=\"section\">\n\t\t\t\t\t\t<div class=\"elementor-container elementor-column-gap-default\">\n\t\t\t\t\t\t\t<div class=\"elementor-row\">\n\t\t\t\t\t<div class=\"elementor-column elementor-col-100 elementor-top-column elementor-element elementor-element-1cb02a3\" data-id=\"1cb02a3\" data-element_type=\"column\">\n\t\t\t<div class=\"elementor-column-wrap elementor-element-populated\">\n\t\t\t\t\t\t\t<div class=\"elementor-widget-wrap\">\n\t\t\t\t\t\t<div class=\"elementor-element elementor-element-2a096b5 elementor-widget elementor-widget-heading\" data-id=\"2a096b5\" data-element_type=\"widget\" data-settings=\"{&quot;_animation&quot;:&quot;none&quot;}\" data-widget_type=\"heading.default\">\n\t\t\t\t<div class=\"elementor-widget-container\">\n\t\t\t<h2 class=\"elementor-heading-title elementor-size-default\">ETANT PR\u00c9ALABLEMENT EXPOS\u00c9 CE QUI SUIT :<\/h2>\t\t<\/div>\n\t\t\t\t<\/div>\n\t\t\t\t\t\t<\/div>\n\t\t\t\t\t<\/div>\n\t\t<\/div>\n\t\t\t\t\t\t\t\t<\/div>\n\t\t\t\t\t<\/div>\n\t\t<\/section>\n\t\t\t\t<section class=\"elementor-section elementor-top-section elementor-element elementor-element-99d40c7 elementor-section-height-min-height elementor-section-items-top elementor-section-boxed elementor-section-height-default\" data-id=\"99d40c7\" data-element_type=\"section\">\n\t\t\t\t\t\t<div class=\"elementor-container elementor-column-gap-default\">\n\t\t\t\t\t\t\t<div class=\"elementor-row\">\n\t\t\t\t\t<div class=\"elementor-column elementor-col-100 elementor-top-column elementor-element elementor-element-5e22bb1\" data-id=\"5e22bb1\" data-element_type=\"column\">\n\t\t\t<div class=\"elementor-column-wrap elementor-element-populated\">\n\t\t\t\t\t\t\t<div class=\"elementor-widget-wrap\">\n\t\t\t\t\t\t<div class=\"elementor-element elementor-element-03d9878 elementor-widget elementor-widget-heading\" data-id=\"03d9878\" data-element_type=\"widget\" data-widget_type=\"heading.default\">\n\t\t\t\t<div class=\"elementor-widget-container\">\n\t\t\t<p class=\"elementor-heading-title elementor-size-default\">Le Prestataire fournit des prestations dans le domaine du d\u00e9veloppement marketing\net du merchandising, et notamment des services de d\u00e9coration, de formation, ou\nencore d\u2019\u00e9v\u00e8nementiel.\nLe Client a sollicit\u00e9 le Prestataire afin de lui confier la r\u00e9alisation de Prestations,\nd\u00e9taill\u00e9es au Devis auquel sont annex\u00e9es les pr\u00e9sentes Conditions G\u00e9n\u00e9rales.\nLe Client reconna\u00eet qu\u2019il a d\u00e9cid\u00e9 de s\u2019engager pour la r\u00e9alisation desdites Prestations,\nconform\u00e9ment aux pr\u00e9sentes Conditions G\u00e9n\u00e9rales.\nL\u2019acceptation du Devis par l\u2019ensemble des Parties (manifest\u00e9e pour le Client par\nl\u2019apposition de sa signature pr\u00e9c\u00e9d\u00e9e de la mention \u00ab Lu et approuv\u00e9 \u00bb sur le Devis)\nentra\u00eene l\u2019acceptation sans r\u00e9serve des pr\u00e9sentes Conditions G\u00e9n\u00e9rales.\nL\u2019ensemble contractuel form\u00e9 entre les Parties par les pr\u00e9sentes Conditions G\u00e9n\u00e9rales,\nle Devis auquel elles sont annex\u00e9es et les \u00e9ventuelles conditions particuli\u00e8res annex\u00e9es\n\u00e0 cet ensemble est d\u00e9sign\u00e9 ci-apr\u00e8s le Contrat.<\/p>\t\t<\/div>\n\t\t\t\t<\/div>\n\t\t\t\t\t\t<\/div>\n\t\t\t\t\t<\/div>\n\t\t<\/div>\n\t\t\t\t\t\t\t\t<\/div>\n\t\t\t\t\t<\/div>\n\t\t<\/section>\n\t\t\t\t<section class=\"elementor-section elementor-top-section elementor-element elementor-element-31a5268 elementor-section-height-min-height elementor-section-boxed elementor-section-height-default elementor-section-items-middle\" data-id=\"31a5268\" data-element_type=\"section\">\n\t\t\t\t\t\t<div class=\"elementor-container elementor-column-gap-default\">\n\t\t\t\t\t\t\t<div class=\"elementor-row\">\n\t\t\t\t\t<div class=\"elementor-column elementor-col-100 elementor-top-column elementor-element elementor-element-be3e68c\" data-id=\"be3e68c\" data-element_type=\"column\">\n\t\t\t<div class=\"elementor-column-wrap elementor-element-populated\">\n\t\t\t\t\t\t\t<div class=\"elementor-widget-wrap\">\n\t\t\t\t\t\t<div class=\"elementor-element elementor-element-4b13d79 elementor-widget elementor-widget-heading\" data-id=\"4b13d79\" data-element_type=\"widget\" data-settings=\"{&quot;_animation&quot;:&quot;none&quot;}\" data-widget_type=\"heading.default\">\n\t\t\t\t<div class=\"elementor-widget-container\">\n\t\t\t<h2 class=\"elementor-heading-title elementor-size-default\">EN CONSID\u00c9RATION DE QUOI, LES PARTIES SONT CONVENUES DE CE QUI SUIT :<\/h2>\t\t<\/div>\n\t\t\t\t<\/div>\n\t\t\t\t<div class=\"elementor-element elementor-element-cef295d elementor-widget elementor-widget-heading\" data-id=\"cef295d\" data-element_type=\"widget\" data-settings=\"{&quot;_animation&quot;:&quot;none&quot;}\" data-widget_type=\"heading.default\">\n\t\t\t\t<div class=\"elementor-widget-container\">\n\t\t\t<h2 class=\"elementor-heading-title elementor-size-default\">ARTICLE 1 \u2013 OBJET DU CONTRAT<\/h2>\t\t<\/div>\n\t\t\t\t<\/div>\n\t\t\t\t\t\t<\/div>\n\t\t\t\t\t<\/div>\n\t\t<\/div>\n\t\t\t\t\t\t\t\t<\/div>\n\t\t\t\t\t<\/div>\n\t\t<\/section>\n\t\t\t\t<section class=\"elementor-section elementor-top-section elementor-element elementor-element-c489f9a elementor-section-height-min-height elementor-section-items-top elementor-section-boxed elementor-section-height-default\" data-id=\"c489f9a\" data-element_type=\"section\">\n\t\t\t\t\t\t<div class=\"elementor-container elementor-column-gap-default\">\n\t\t\t\t\t\t\t<div class=\"elementor-row\">\n\t\t\t\t\t<div class=\"elementor-column elementor-col-100 elementor-top-column elementor-element elementor-element-f139359\" data-id=\"f139359\" data-element_type=\"column\">\n\t\t\t<div class=\"elementor-column-wrap elementor-element-populated\">\n\t\t\t\t\t\t\t<div class=\"elementor-widget-wrap\">\n\t\t\t\t\t\t<div class=\"elementor-element elementor-element-560983b elementor-widget elementor-widget-heading\" data-id=\"560983b\" data-element_type=\"widget\" data-widget_type=\"heading.default\">\n\t\t\t\t<div class=\"elementor-widget-container\">\n\t\t\t<p class=\"elementor-heading-title elementor-size-default\">Les pr\u00e9sentes Conditions G\u00e9n\u00e9rales ont pour objet de d\u00e9finir les conditions dans\nlesquelles le Prestataire assure l\u2019ex\u00e9cution des Prestations confi\u00e9es par le Client et\ntelles que mentionn\u00e9es sur le Devis.\nLes pr\u00e9sentes Conditions G\u00e9n\u00e9rales de vente constituent les conditions essentielles et\nd\u00e9terminantes et pr\u00e9valent sur toutes les conditions g\u00e9n\u00e9rales et\/ou tout autre\ndocument \u00e9manant du Client, quels qu'en soient les termes. Ainsi, toute commande\nadress\u00e9e au Prestataire implique l'acceptation sans r\u00e9serve des pr\u00e9sentes Conditions\nG\u00e9n\u00e9rales, except\u00e9 si le Prestataire a accept\u00e9\u0301 de mani\u00e8re expresse d'inclure des\nclauses particuli\u00e8res avant la date de formation du Contrat.<\/p>\t\t<\/div>\n\t\t\t\t<\/div>\n\t\t\t\t\t\t<\/div>\n\t\t\t\t\t<\/div>\n\t\t<\/div>\n\t\t\t\t\t\t\t\t<\/div>\n\t\t\t\t\t<\/div>\n\t\t<\/section>\n\t\t\t\t<section class=\"elementor-section elementor-top-section elementor-element elementor-element-a7d28a7 elementor-section-height-min-height elementor-section-boxed elementor-section-height-default elementor-section-items-middle\" data-id=\"a7d28a7\" data-element_type=\"section\">\n\t\t\t\t\t\t<div class=\"elementor-container elementor-column-gap-default\">\n\t\t\t\t\t\t\t<div class=\"elementor-row\">\n\t\t\t\t\t<div class=\"elementor-column elementor-col-100 elementor-top-column elementor-element elementor-element-2eb370f\" data-id=\"2eb370f\" data-element_type=\"column\">\n\t\t\t<div class=\"elementor-column-wrap elementor-element-populated\">\n\t\t\t\t\t\t\t<div class=\"elementor-widget-wrap\">\n\t\t\t\t\t\t<div class=\"elementor-element elementor-element-4934acc elementor-widget elementor-widget-heading\" data-id=\"4934acc\" data-element_type=\"widget\" data-settings=\"{&quot;_animation&quot;:&quot;none&quot;}\" data-widget_type=\"heading.default\">\n\t\t\t\t<div class=\"elementor-widget-container\">\n\t\t\t<h2 class=\"elementor-heading-title elementor-size-default\">L'iday merch : ARTICLE 2 \u2013 R\u00c9ALISATION DES PRESTATIONS<\/h2>\t\t<\/div>\n\t\t\t\t<\/div>\n\t\t\t\t<div class=\"elementor-element elementor-element-e92b392 elementor-widget elementor-widget-heading\" data-id=\"e92b392\" data-element_type=\"widget\" data-settings=\"{&quot;_animation&quot;:&quot;none&quot;}\" data-widget_type=\"heading.default\">\n\t\t\t\t<div class=\"elementor-widget-container\">\n\t\t\t<h2 class=\"elementor-heading-title elementor-size-default\">ARTICLE 2.1 \u2013 NATURE DES PRESTATIONS<\/h2>\t\t<\/div>\n\t\t\t\t<\/div>\n\t\t\t\t\t\t<\/div>\n\t\t\t\t\t<\/div>\n\t\t<\/div>\n\t\t\t\t\t\t\t\t<\/div>\n\t\t\t\t\t<\/div>\n\t\t<\/section>\n\t\t\t\t<section class=\"elementor-section elementor-top-section elementor-element elementor-element-479c83d elementor-section-height-min-height elementor-section-items-top elementor-section-boxed elementor-section-height-default\" data-id=\"479c83d\" data-element_type=\"section\">\n\t\t\t\t\t\t<div class=\"elementor-container elementor-column-gap-default\">\n\t\t\t\t\t\t\t<div class=\"elementor-row\">\n\t\t\t\t\t<div class=\"elementor-column elementor-col-100 elementor-top-column elementor-element elementor-element-fc77e00\" data-id=\"fc77e00\" data-element_type=\"column\">\n\t\t\t<div class=\"elementor-column-wrap elementor-element-populated\">\n\t\t\t\t\t\t\t<div class=\"elementor-widget-wrap\">\n\t\t\t\t\t\t<div class=\"elementor-element elementor-element-c6e2147 elementor-widget elementor-widget-heading\" data-id=\"c6e2147\" data-element_type=\"widget\" data-widget_type=\"heading.default\">\n\t\t\t\t<div class=\"elementor-widget-container\">\n\t\t\t<p class=\"elementor-heading-title elementor-size-default\">Le Prestataire est sp\u00e9cialis\u00e9 dans le merchandising et le d\u00e9veloppement marketing et\npropose \u00e0 ses Clients des prestations d\u2019\u00e9tude et de conseil, de communication et de\nsuivi (ci-avant et ci-apr\u00e8s d\u00e9sign\u00e9es les \u00ab Prestations \u00bb).\nDans le cadre de son activit\u00e9, le Prestataire propose notamment au Client :\n- La conception de kit de d\u00e9coration pr\u00eat \u00e0 poser (ci-apr\u00e8s le \u00ab Kit de d\u00e9coration \u00bb).\nLe Kit de d\u00e9coration propos\u00e9 par le Prestataire comprend la r\u00e9alisation des\nPrestations suivantes, \u00e0 savoir une pr\u00e9sentation du listing (photos et quantit\u00e9s)\ndes produits par univers s\u00e9lectionn\u00e9s par le Client (cuisine, dressing, rangement,\nsalles de bain, hall d\u2019entreprise, h\u00f4tel, maisons t\u00e9moins, etc.) selon les\npr\u00e9rogatives du Client (style, fonction, cible, gamme de prix, etc.).\n- L\u2019analyse et l\u2019apport de solutions correctives aux parcours clients existants et aux\nm\u00e9dias de pr\u00e9sentation et d\u2019exp\u00e9riences clients.\n- La cr\u00e9ation de parcours clients, l\u2019agencement, m\u00e9dias de pr\u00e9sentation, m\u00e9dias de\ncommunication.\nDans le cadre des n\u00e9gociations entre les Parties, le Prestataire pourra \u00eatre amen\u00e9 \u00e0\n\u00e9tablir une simulation commerciale visant \u00e0 informer le Client des conditions de la\nrelation contractuelle \u00e0 venir (Prestations, Prix, etc.). Cette simulation commerciale n\u2019a\nqu\u2019une valeur indicative et informative. Ainsi, le Prestataire ne sera aucunement tenu\npar les termes, notamment le Prix, de la simulation propos\u00e9e au Client.<\/p>\t\t<\/div>\n\t\t\t\t<\/div>\n\t\t\t\t\t\t<\/div>\n\t\t\t\t\t<\/div>\n\t\t<\/div>\n\t\t\t\t\t\t\t\t<\/div>\n\t\t\t\t\t<\/div>\n\t\t<\/section>\n\t\t\t\t<section class=\"elementor-section elementor-top-section elementor-element elementor-element-a29b367 elementor-section-height-min-height elementor-section-boxed elementor-section-height-default elementor-section-items-middle\" data-id=\"a29b367\" data-element_type=\"section\">\n\t\t\t\t\t\t<div class=\"elementor-container elementor-column-gap-default\">\n\t\t\t\t\t\t\t<div class=\"elementor-row\">\n\t\t\t\t\t<div class=\"elementor-column elementor-col-100 elementor-top-column elementor-element elementor-element-66986a1\" data-id=\"66986a1\" data-element_type=\"column\">\n\t\t\t<div class=\"elementor-column-wrap elementor-element-populated\">\n\t\t\t\t\t\t\t<div class=\"elementor-widget-wrap\">\n\t\t\t\t\t\t<div class=\"elementor-element elementor-element-c30d8ba elementor-widget elementor-widget-heading\" data-id=\"c30d8ba\" data-element_type=\"widget\" data-settings=\"{&quot;_animation&quot;:&quot;none&quot;}\" data-widget_type=\"heading.default\">\n\t\t\t\t<div class=\"elementor-widget-container\">\n\t\t\t<h2 class=\"elementor-heading-title elementor-size-default\"><span class=\"elementor-heading-title elementor-size-default elementor-inline-editing pen\" data-elementor-setting-key=\"title\" data-pen-placeholder=\"\u00c9crivez ici...\">L'IDAY MERCH : <\/span>ARTICLE 2.2 \u2013 DUR\u00c9E DES PRESTATIONS<\/h2>\t\t<\/div>\n\t\t\t\t<\/div>\n\t\t\t\t\t\t<\/div>\n\t\t\t\t\t<\/div>\n\t\t<\/div>\n\t\t\t\t\t\t\t\t<\/div>\n\t\t\t\t\t<\/div>\n\t\t<\/section>\n\t\t\t\t<section class=\"elementor-section elementor-top-section elementor-element elementor-element-a53db72 elementor-section-height-min-height elementor-section-items-top elementor-section-boxed elementor-section-height-default\" data-id=\"a53db72\" data-element_type=\"section\">\n\t\t\t\t\t\t<div class=\"elementor-container elementor-column-gap-default\">\n\t\t\t\t\t\t\t<div class=\"elementor-row\">\n\t\t\t\t\t<div class=\"elementor-column elementor-col-100 elementor-top-column elementor-element elementor-element-4991984\" data-id=\"4991984\" data-element_type=\"column\">\n\t\t\t<div class=\"elementor-column-wrap elementor-element-populated\">\n\t\t\t\t\t\t\t<div class=\"elementor-widget-wrap\">\n\t\t\t\t\t\t<div class=\"elementor-element elementor-element-fcf4997 elementor-widget elementor-widget-heading\" data-id=\"fcf4997\" data-element_type=\"widget\" data-widget_type=\"heading.default\">\n\t\t\t\t<div class=\"elementor-widget-container\">\n\t\t\t<p class=\"elementor-heading-title elementor-size-default\">La r\u00e9alisation des Prestations d\u00e9butera \u00e0 r\u00e9ception du Devis par le Prestataire,\nretourn\u00e9 dat\u00e9 et sign\u00e9 par le Client. Par cons\u00e9quent, les commandes des produits,\nfournitures ne seront effectu\u00e9es par ce dernier qu\u2019apr\u00e8s r\u00e9ception du Devis sign\u00e9.\nLes Parties pourront, le cas \u00e9ch\u00e9ant, convenir ensemble d\u2019un calendrier de r\u00e9alisation\ndes Prestations, \u00e0 int\u00e9grer au Devis. Aucune modification de ce calendrier ne pourra\navoir lieu par la suite, sauf commun accord des Parties.<\/p>\t\t<\/div>\n\t\t\t\t<\/div>\n\t\t\t\t\t\t<\/div>\n\t\t\t\t\t<\/div>\n\t\t<\/div>\n\t\t\t\t\t\t\t\t<\/div>\n\t\t\t\t\t<\/div>\n\t\t<\/section>\n\t\t\t\t<section class=\"elementor-section elementor-top-section elementor-element elementor-element-7b139fa elementor-section-height-min-height elementor-section-boxed elementor-section-height-default elementor-section-items-middle\" data-id=\"7b139fa\" data-element_type=\"section\">\n\t\t\t\t\t\t<div class=\"elementor-container elementor-column-gap-default\">\n\t\t\t\t\t\t\t<div class=\"elementor-row\">\n\t\t\t\t\t<div class=\"elementor-column elementor-col-100 elementor-top-column elementor-element elementor-element-ea5b802\" data-id=\"ea5b802\" data-element_type=\"column\">\n\t\t\t<div class=\"elementor-column-wrap elementor-element-populated\">\n\t\t\t\t\t\t\t<div class=\"elementor-widget-wrap\">\n\t\t\t\t\t\t<div class=\"elementor-element elementor-element-311eb0e elementor-widget elementor-widget-heading\" data-id=\"311eb0e\" data-element_type=\"widget\" data-settings=\"{&quot;_animation&quot;:&quot;none&quot;}\" data-widget_type=\"heading.default\">\n\t\t\t\t<div class=\"elementor-widget-container\">\n\t\t\t<h2 class=\"elementor-heading-title elementor-size-default\"><span class=\"elementor-heading-title elementor-size-default elementor-inline-editing pen\" data-elementor-setting-key=\"title\" data-pen-placeholder=\"\u00c9crivez ici...\">L'IDAY MERCH : <\/span>ARTICLE 2.3 \u2013 DEVIS<\/h2>\t\t<\/div>\n\t\t\t\t<\/div>\n\t\t\t\t\t\t<\/div>\n\t\t\t\t\t<\/div>\n\t\t<\/div>\n\t\t\t\t\t\t\t\t<\/div>\n\t\t\t\t\t<\/div>\n\t\t<\/section>\n\t\t\t\t<section class=\"elementor-section elementor-top-section elementor-element elementor-element-a2a8b41 elementor-section-height-min-height elementor-section-items-top elementor-section-boxed elementor-section-height-default\" data-id=\"a2a8b41\" data-element_type=\"section\">\n\t\t\t\t\t\t<div class=\"elementor-container elementor-column-gap-default\">\n\t\t\t\t\t\t\t<div class=\"elementor-row\">\n\t\t\t\t\t<div class=\"elementor-column elementor-col-100 elementor-top-column elementor-element elementor-element-3fde125\" data-id=\"3fde125\" data-element_type=\"column\">\n\t\t\t<div class=\"elementor-column-wrap elementor-element-populated\">\n\t\t\t\t\t\t\t<div class=\"elementor-widget-wrap\">\n\t\t\t\t\t\t<div class=\"elementor-element elementor-element-acd2246 elementor-widget elementor-widget-heading\" data-id=\"acd2246\" data-element_type=\"widget\" data-widget_type=\"heading.default\">\n\t\t\t\t<div class=\"elementor-widget-container\">\n\t\t\t<p class=\"elementor-heading-title elementor-size-default\">Le Prestataire adressera au Client un document r\u00e9capitulant l\u2019ensemble des conditions\ncontractuelles convenues entre les Parties, auquel sont annex\u00e9es les pr\u00e9sentes\nConditions G\u00e9n\u00e9rales (ci-avant et ci-apr\u00e8s le \u00ab Devis \u00bb). Le Devis est \u00e9tabli sur la base\nde l\u2019expression des besoins du Client, et plus g\u00e9n\u00e9ralement des \u00e9changes\npr\u00e9contractuels (\u00e9crits et oraux) entre les Parties.\nLe Devis est une offre soumise \u00e0 l\u2019acceptation du Client. Cette offre est valable un (1)\nmois \u00e0 compter de son \u00e9mission.\nLe Devis fixe le prix convenu entre les Parties pour les Prestations (ci-apr\u00e8s le \u00ab Prix \u00bb),\ncalcul\u00e9 selon les modalit\u00e9s d\u00e9finies \u00e0 l\u2019Article 4 ci-apr\u00e8s.\nA compter de sa signature par le Client, le Devis constituera l\u2019unique r\u00e9f\u00e9rentiel faisant\nfoi entre les Parties pour l\u2019\u00e9valuation de la nature, de la port\u00e9e, la qualit\u00e9 et la\nconformit\u00e9 des Prestations, ainsi que pour le Prix.\nLe Client est donc tenu de faire conna\u00eetre par \u00e9crit au Prestataire toutes ses r\u00e9serves\net demandes compl\u00e9mentaires pr\u00e9alablement \u00e0 sa signature du Devis. Un autre Devis\nsera alors \u00e9mis par le Prestataire pour tenir compte de ces r\u00e9serves et\/ou demandes\ncompl\u00e9mentaires, qui annulera et remplacera le Devis initial.<\/p>\t\t<\/div>\n\t\t\t\t<\/div>\n\t\t\t\t\t\t<\/div>\n\t\t\t\t\t<\/div>\n\t\t<\/div>\n\t\t\t\t\t\t\t\t<\/div>\n\t\t\t\t\t<\/div>\n\t\t<\/section>\n\t\t\t\t<section class=\"elementor-section elementor-top-section elementor-element elementor-element-1ded650 elementor-section-height-min-height elementor-section-boxed elementor-section-height-default elementor-section-items-middle\" data-id=\"1ded650\" data-element_type=\"section\">\n\t\t\t\t\t\t<div class=\"elementor-container elementor-column-gap-default\">\n\t\t\t\t\t\t\t<div class=\"elementor-row\">\n\t\t\t\t\t<div class=\"elementor-column elementor-col-100 elementor-top-column elementor-element elementor-element-0e19cd2\" data-id=\"0e19cd2\" data-element_type=\"column\">\n\t\t\t<div class=\"elementor-column-wrap elementor-element-populated\">\n\t\t\t\t\t\t\t<div class=\"elementor-widget-wrap\">\n\t\t\t\t\t\t<div class=\"elementor-element elementor-element-6cfcf53 elementor-widget elementor-widget-heading\" data-id=\"6cfcf53\" data-element_type=\"widget\" data-settings=\"{&quot;_animation&quot;:&quot;none&quot;}\" data-widget_type=\"heading.default\">\n\t\t\t\t<div class=\"elementor-widget-container\">\n\t\t\t<h2 class=\"elementor-heading-title elementor-size-default\"><span data-elementor-setting-key=\"title\" data-pen-placeholder=\"\u00c9crivez ici...\">L'IDAY MERCH : <\/span>ARTICLE 2.4.1 \u2013 MODIFICATIONS DU DEVIS PAR LE CLIENT<\/h2>\t\t<\/div>\n\t\t\t\t<\/div>\n\t\t\t\t<div class=\"elementor-element elementor-element-cb47290 elementor-widget elementor-widget-heading\" data-id=\"cb47290\" data-element_type=\"widget\" data-settings=\"{&quot;_animation&quot;:&quot;none&quot;}\" data-widget_type=\"heading.default\">\n\t\t\t\t<div class=\"elementor-widget-container\">\n\t\t\t<h2 class=\"elementor-heading-title elementor-size-default\">ARTICLE 2.4 \u2013 MODIFICATIONS DU DEVIS<\/h2>\t\t<\/div>\n\t\t\t\t<\/div>\n\t\t\t\t\t\t<\/div>\n\t\t\t\t\t<\/div>\n\t\t<\/div>\n\t\t\t\t\t\t\t\t<\/div>\n\t\t\t\t\t<\/div>\n\t\t<\/section>\n\t\t\t\t<section class=\"elementor-section elementor-top-section elementor-element elementor-element-e661248 elementor-section-height-min-height elementor-section-items-top elementor-section-boxed elementor-section-height-default\" data-id=\"e661248\" data-element_type=\"section\">\n\t\t\t\t\t\t<div class=\"elementor-container elementor-column-gap-default\">\n\t\t\t\t\t\t\t<div class=\"elementor-row\">\n\t\t\t\t\t<div class=\"elementor-column elementor-col-100 elementor-top-column elementor-element elementor-element-52b654c\" data-id=\"52b654c\" data-element_type=\"column\">\n\t\t\t<div class=\"elementor-column-wrap elementor-element-populated\">\n\t\t\t\t\t\t\t<div class=\"elementor-widget-wrap\">\n\t\t\t\t\t\t<div class=\"elementor-element elementor-element-b002bcd elementor-widget elementor-widget-heading\" data-id=\"b002bcd\" data-element_type=\"widget\" data-widget_type=\"heading.default\">\n\t\t\t\t<div class=\"elementor-widget-container\">\n\t\t\t<p class=\"elementor-heading-title elementor-size-default\">A la demande du Client, le p\u00e9rim\u00e8tre initial des Prestations pourra \u00eatre modifi\u00e9, sous\nr\u00e9serve des conditions qui suivent.\nLe Client devra d\u2019abord faire parvenir au Prestataire une demande \u00e9crite int\u00e9grant la\nnouvelle expression de ses besoins ainsi que toute information et tous documents\nn\u00e9cessaires \u00e0 l\u2019\u00e9tude de sa demande. Le Prestataire s\u2019engage \u00e0 \u00e9tudier cette nouvelle\ndemande et \u00e0 r\u00e9aliser une \u00e9tude de faisabilit\u00e9 dans les meilleurs d\u00e9lais.\nLe Prestataire pourra, \u00e0 son enti\u00e8re discr\u00e9tion, proposer au Client un nouveau Devis\nint\u00e9grant les nouvelles Prestations, ainsi que le nouveau Prix et le nouveau calendrier\npr\u00e9visionnel des Prestations le cas \u00e9ch\u00e9ant.\nCe nouveau Devis n\u2019aura de valeur contractuelle entre les Parties qu\u2019\u00e0 la condition et\n\u00e0 partir du moment o\u00f9 il aura \u00e9t\u00e9 accept\u00e9 par le Client et dat\u00e9 et sign\u00e9 par l\u2019ensemble\ndes Parties. Il annulera et remplacera dans ce cas le Devis initial au sens et pour les\nbesoins des pr\u00e9sentes Conditions G\u00e9n\u00e9rales.<\/p>\t\t<\/div>\n\t\t\t\t<\/div>\n\t\t\t\t\t\t<\/div>\n\t\t\t\t\t<\/div>\n\t\t<\/div>\n\t\t\t\t\t\t\t\t<\/div>\n\t\t\t\t\t<\/div>\n\t\t<\/section>\n\t\t\t\t<section class=\"elementor-section elementor-top-section elementor-element elementor-element-3cfddd8 elementor-section-height-min-height elementor-section-boxed elementor-section-height-default elementor-section-items-middle\" data-id=\"3cfddd8\" data-element_type=\"section\">\n\t\t\t\t\t\t<div class=\"elementor-container elementor-column-gap-default\">\n\t\t\t\t\t\t\t<div class=\"elementor-row\">\n\t\t\t\t\t<div class=\"elementor-column elementor-col-100 elementor-top-column elementor-element elementor-element-9b7560c\" data-id=\"9b7560c\" data-element_type=\"column\">\n\t\t\t<div class=\"elementor-column-wrap elementor-element-populated\">\n\t\t\t\t\t\t\t<div class=\"elementor-widget-wrap\">\n\t\t\t\t\t\t<div class=\"elementor-element elementor-element-a556c35 elementor-widget elementor-widget-heading\" data-id=\"a556c35\" data-element_type=\"widget\" data-settings=\"{&quot;_animation&quot;:&quot;none&quot;}\" data-widget_type=\"heading.default\">\n\t\t\t\t<div class=\"elementor-widget-container\">\n\t\t\t<h2 class=\"elementor-heading-title elementor-size-default\"><span class=\"elementor-heading-title elementor-size-default elementor-inline-editing pen\" data-elementor-setting-key=\"title\" data-pen-placeholder=\"\u00c9crivez ici...\">L'IDAY MERCH : <\/span>ARTICLE 2.4.2 \u2013 MODIFICATIONS DU DEVIS PAR LE PRESTATAIRE<\/h2>\t\t<\/div>\n\t\t\t\t<\/div>\n\t\t\t\t\t\t<\/div>\n\t\t\t\t\t<\/div>\n\t\t<\/div>\n\t\t\t\t\t\t\t\t<\/div>\n\t\t\t\t\t<\/div>\n\t\t<\/section>\n\t\t\t\t<section class=\"elementor-section elementor-top-section elementor-element elementor-element-fd90d55 elementor-section-height-min-height elementor-section-items-top elementor-section-boxed elementor-section-height-default\" data-id=\"fd90d55\" data-element_type=\"section\">\n\t\t\t\t\t\t<div class=\"elementor-container elementor-column-gap-default\">\n\t\t\t\t\t\t\t<div class=\"elementor-row\">\n\t\t\t\t\t<div class=\"elementor-column elementor-col-100 elementor-top-column elementor-element elementor-element-f1d8df1\" data-id=\"f1d8df1\" data-element_type=\"column\">\n\t\t\t<div class=\"elementor-column-wrap elementor-element-populated\">\n\t\t\t\t\t\t\t<div class=\"elementor-widget-wrap\">\n\t\t\t\t\t\t<div class=\"elementor-element elementor-element-5fe244f elementor-widget elementor-widget-heading\" data-id=\"5fe244f\" data-element_type=\"widget\" data-widget_type=\"heading.default\">\n\t\t\t\t<div class=\"elementor-widget-container\">\n\t\t\t<p class=\"elementor-heading-title elementor-size-default\">Le Prestataire peut, \u00e0 tout moment et sans pr\u00e9avis, apporter \u00e0 ses Prestations toute\nmodification li\u00e9e \u00e0 l'\u00e9volution de la technique, des conditions \u00e9conomiques ou de sa\npolitique commerciale, d\u00e8s lors que cela ne modifie de mani\u00e8re substantielle ni le prix\nni la qualit\u00e9 des Prestations en cause.\nEn cas de changement impr\u00e9vu li\u00e9 au prix d\u2019un produit ou d\u2019un service, dont le\nPrestataire n\u2019a pas la ma\u00eetrise et qui \u00e9chappe \u00e0 son contr\u00f4le, susceptible d\u2019entrainer\ndes cons\u00e9quences sur les conditions initialement fix\u00e9es dans le Devis accept\u00e9 par le\nClient, le Prestataire s\u2019engage \u00e0 en informer sans d\u00e9lais le Client afin de pouvoir en\n\u00e9valuer les cons\u00e9quences avec lui.\nLe Prestataire devra ensuite proposer au Client un nouveau Devis int\u00e9grant les\nchangements li\u00e9s au prix des Prestations, ainsi qu\u2019un nouveau calendrier pr\u00e9visionnel\ndes Prestations le cas \u00e9ch\u00e9ant.\nCe nouveau Devis n\u2019aura de valeur contractuelle entre les Parties qu\u2019\u00e0 la condition et\n\u00e0 partir du moment o\u00f9 il aura \u00e9t\u00e9 accept\u00e9 par le Client et dat\u00e9 et sign\u00e9 par l\u2019ensemble\ndes Parties. Il annulera et remplacera dans ce cas le Devis initial au sens et pour les\nbesoins des pr\u00e9sentes Conditions G\u00e9n\u00e9rales.<\/p>\t\t<\/div>\n\t\t\t\t<\/div>\n\t\t\t\t\t\t<\/div>\n\t\t\t\t\t<\/div>\n\t\t<\/div>\n\t\t\t\t\t\t\t\t<\/div>\n\t\t\t\t\t<\/div>\n\t\t<\/section>\n\t\t\t\t<section class=\"elementor-section elementor-top-section elementor-element elementor-element-0e64882 elementor-section-height-min-height elementor-section-boxed elementor-section-height-default elementor-section-items-middle\" data-id=\"0e64882\" data-element_type=\"section\">\n\t\t\t\t\t\t<div class=\"elementor-container elementor-column-gap-default\">\n\t\t\t\t\t\t\t<div class=\"elementor-row\">\n\t\t\t\t\t<div class=\"elementor-column elementor-col-100 elementor-top-column elementor-element elementor-element-bff30bd\" data-id=\"bff30bd\" data-element_type=\"column\">\n\t\t\t<div class=\"elementor-column-wrap elementor-element-populated\">\n\t\t\t\t\t\t\t<div class=\"elementor-widget-wrap\">\n\t\t\t\t\t\t<div class=\"elementor-element elementor-element-6d6a6b6 elementor-widget elementor-widget-heading\" data-id=\"6d6a6b6\" data-element_type=\"widget\" data-settings=\"{&quot;_animation&quot;:&quot;none&quot;}\" data-widget_type=\"heading.default\">\n\t\t\t\t<div class=\"elementor-widget-container\">\n\t\t\t<h2 class=\"elementor-heading-title elementor-size-default\"><span class=\"elementor-heading-title elementor-size-default elementor-inline-editing pen\" data-elementor-setting-key=\"title\" data-pen-placeholder=\"\u00c9crivez ici...\">L'IDAY MERCH : <\/span>ARTICLE 2.5 \u2013 D\u00c9LAIS DE R\u00c9ALISATION DES PRESTATIONS<\/h2>\t\t<\/div>\n\t\t\t\t<\/div>\n\t\t\t\t\t\t<\/div>\n\t\t\t\t\t<\/div>\n\t\t<\/div>\n\t\t\t\t\t\t\t\t<\/div>\n\t\t\t\t\t<\/div>\n\t\t<\/section>\n\t\t\t\t<section class=\"elementor-section elementor-top-section elementor-element elementor-element-9f8dcaf elementor-section-height-min-height elementor-section-items-top elementor-section-boxed elementor-section-height-default\" data-id=\"9f8dcaf\" data-element_type=\"section\">\n\t\t\t\t\t\t<div class=\"elementor-container elementor-column-gap-default\">\n\t\t\t\t\t\t\t<div class=\"elementor-row\">\n\t\t\t\t\t<div class=\"elementor-column elementor-col-100 elementor-top-column elementor-element elementor-element-d7e8bc5\" data-id=\"d7e8bc5\" data-element_type=\"column\">\n\t\t\t<div class=\"elementor-column-wrap elementor-element-populated\">\n\t\t\t\t\t\t\t<div class=\"elementor-widget-wrap\">\n\t\t\t\t\t\t<div class=\"elementor-element elementor-element-32a9a74 elementor-widget elementor-widget-heading\" data-id=\"32a9a74\" data-element_type=\"widget\" data-widget_type=\"heading.default\">\n\t\t\t\t<div class=\"elementor-widget-container\">\n\t\t\t<p class=\"elementor-heading-title elementor-size-default\">Les d\u00e9lais de r\u00e9alisation des Prestations ainsi que leurs points de d\u00e9part respectifs\nseront d\u00e9termin\u00e9s dans le Contrat. En tout \u00e9tat de cause, et sauf indication contraire\ndans le Contrat, ces d\u00e9lais sont donn\u00e9s \u00e0 titre indicatif.\nCes d\u00e9lais sont susceptibles d\u2019\u00eatre prorog\u00e9s sans pour autant donner lieu \u00e0 aucune\np\u00e9nalit\u00e9, exception d\u2019inex\u00e9cution ou facult\u00e9 de r\u00e9siliation au profit du Client, lorsque la\nr\u00e9alisation des Prestations est conditionn\u00e9e par l\u2019acc\u00e8s \u00e0 des informations n\u00e9cessaires\nd\u00e9tenues par le Client et que celles-ci ne sont pas communiqu\u00e9s au Prestataire dans\nles d\u00e9lais pr\u00e9vus au Contrat.\nDans l\u2019hypoth\u00e8se o\u00f9 le Client souhaite diff\u00e9rer l\u2019ex\u00e9cution d\u2019une des Prestations par\nrapport aux dates initialement fix\u00e9es et que cette modification est susceptible\nd\u2019engendrer des frais, ceux-ci seront int\u00e9gralement support\u00e9s par le Client.\nEn cas de retard du Prestataire dans les d\u00e9lais de r\u00e9alisation des Prestations pour tout\nautre motif, aucune p\u00e9nalit\u00e9, exception d\u2019inex\u00e9cution ou facult\u00e9 de r\u00e9siliation ne peut\n\u00eatre mise en oeuvre par le Client sans une pr\u00e9alable notification \u00e9crite au Prestataire\nrest\u00e9e sans effet dans les 30 jours suivant sa r\u00e9ception par le Prestataire.\n2\nLe Client renonce \u00e9galement \u00e0 invoquer toute exception d\u2019inex\u00e9cution ou facult\u00e9 de\nr\u00e9siliation \u00e0 l\u2019encontre du Prestataire en cas de retard de ce dernier dans les d\u00e9lais de\nr\u00e9alisation des Prestations, d\u00e8s lors que le Prestataire justifie que ce retard ne lui est\npas exclusivement imputable et\/ou qu\u2019il est d\u00fb \u00e0 un \u00e9v\u00e8nement de force majeure tel\nque d\u00e9fini \u00e0 l\u2019article 6 des pr\u00e9sentes Conditions G\u00e9n\u00e9rales.<\/p>\t\t<\/div>\n\t\t\t\t<\/div>\n\t\t\t\t\t\t<\/div>\n\t\t\t\t\t<\/div>\n\t\t<\/div>\n\t\t\t\t\t\t\t\t<\/div>\n\t\t\t\t\t<\/div>\n\t\t<\/section>\n\t\t\t\t<section class=\"elementor-section elementor-top-section elementor-element elementor-element-be27e04 elementor-section-height-min-height elementor-section-boxed elementor-section-height-default elementor-section-items-middle\" data-id=\"be27e04\" data-element_type=\"section\">\n\t\t\t\t\t\t<div class=\"elementor-container elementor-column-gap-default\">\n\t\t\t\t\t\t\t<div class=\"elementor-row\">\n\t\t\t\t\t<div class=\"elementor-column elementor-col-100 elementor-top-column elementor-element elementor-element-aec80f2\" data-id=\"aec80f2\" data-element_type=\"column\">\n\t\t\t<div class=\"elementor-column-wrap elementor-element-populated\">\n\t\t\t\t\t\t\t<div class=\"elementor-widget-wrap\">\n\t\t\t\t\t\t<div class=\"elementor-element elementor-element-1437a90 elementor-widget elementor-widget-heading\" data-id=\"1437a90\" data-element_type=\"widget\" data-settings=\"{&quot;_animation&quot;:&quot;none&quot;}\" data-widget_type=\"heading.default\">\n\t\t\t\t<div class=\"elementor-widget-container\">\n\t\t\t<h2 class=\"elementor-heading-title elementor-size-default\"><span class=\"elementor-heading-title elementor-size-default elementor-inline-editing pen\" data-elementor-setting-key=\"title\" data-pen-placeholder=\"\u00c9crivez ici...\">L'IDAY MERCH : <\/span>ARTICLE 2.6 \u2013 R\u00c9CEPTION DES PRESTATIONS<\/h2>\t\t<\/div>\n\t\t\t\t<\/div>\n\t\t\t\t\t\t<\/div>\n\t\t\t\t\t<\/div>\n\t\t<\/div>\n\t\t\t\t\t\t\t\t<\/div>\n\t\t\t\t\t<\/div>\n\t\t<\/section>\n\t\t\t\t<section class=\"elementor-section elementor-top-section elementor-element elementor-element-d4c0346 elementor-section-height-min-height elementor-section-items-top elementor-section-boxed elementor-section-height-default\" data-id=\"d4c0346\" data-element_type=\"section\">\n\t\t\t\t\t\t<div class=\"elementor-container elementor-column-gap-default\">\n\t\t\t\t\t\t\t<div class=\"elementor-row\">\n\t\t\t\t\t<div class=\"elementor-column elementor-col-100 elementor-top-column elementor-element elementor-element-8d92e6a\" data-id=\"8d92e6a\" data-element_type=\"column\">\n\t\t\t<div class=\"elementor-column-wrap elementor-element-populated\">\n\t\t\t\t\t\t\t<div class=\"elementor-widget-wrap\">\n\t\t\t\t\t\t<div class=\"elementor-element elementor-element-d8f4ea1 elementor-widget elementor-widget-heading\" data-id=\"d8f4ea1\" data-element_type=\"widget\" data-widget_type=\"heading.default\">\n\t\t\t\t<div class=\"elementor-widget-container\">\n\t\t\t<p class=\"elementor-heading-title elementor-size-default\">Lorsque les Prestations impliquent la livraison par un transporteur d\u2019un ou plusieurs\nproduits, toute r\u00e9clamation, quelle qu'en soit la nature, portant sur les produits livr\u00e9s,\nne sera accept\u00e9e par le Prestataire que si elle est effectu\u00e9e par \u00e9crit, en lettre\nrecommand\u00e9e avec AR, dans le d\u00e9lai de 5 (cinq) jours. Il appartient au Client de fournir\ntoutes les justifications quant \u00e0 la r\u00e9alit\u00e9 des vices ou manquants constat\u00e9s.\nAucun retour de marchandises ne pourra \u00eatre effectu\u00e9 par le Client sans l'accord\npr\u00e9alable expr\u00e8s, \u00e9crit, du Prestataire, obtenu notamment par courrier \u00e9lectronique.\nLa r\u00e9ception sans r\u00e9serve des produits command\u00e9s par le Client couvre tout vice\napparent et\/ou manquant.\nLa r\u00e9clamation effectu\u00e9e par l'acqu\u00e9reur dans les conditions et selon les modalit\u00e9s\nd\u00e9crites par le pr\u00e9sent article ne suspend pas le paiement par le Client des Prestations\nconcern\u00e9es, conform\u00e9ment au Devis.\nLa responsabilit\u00e9 du Prestataire ne peut en aucun cas \u00eatre mise en cause pour faits en\ncours de transport, de destruction, avaries, perte ou vol, m\u00eame s'il a choisi le\ntransporteur.<\/p>\t\t<\/div>\n\t\t\t\t<\/div>\n\t\t\t\t\t\t<\/div>\n\t\t\t\t\t<\/div>\n\t\t<\/div>\n\t\t\t\t\t\t\t\t<\/div>\n\t\t\t\t\t<\/div>\n\t\t<\/section>\n\t\t\t\t<section class=\"elementor-section elementor-top-section elementor-element elementor-element-d66d049 elementor-section-height-min-height elementor-section-boxed elementor-section-height-default elementor-section-items-middle\" data-id=\"d66d049\" data-element_type=\"section\">\n\t\t\t\t\t\t<div class=\"elementor-container elementor-column-gap-default\">\n\t\t\t\t\t\t\t<div class=\"elementor-row\">\n\t\t\t\t\t<div class=\"elementor-column elementor-col-100 elementor-top-column elementor-element elementor-element-f64f344\" data-id=\"f64f344\" data-element_type=\"column\">\n\t\t\t<div class=\"elementor-column-wrap elementor-element-populated\">\n\t\t\t\t\t\t\t<div class=\"elementor-widget-wrap\">\n\t\t\t\t\t\t<div class=\"elementor-element elementor-element-ec4e4c9 elementor-widget elementor-widget-heading\" data-id=\"ec4e4c9\" data-element_type=\"widget\" data-settings=\"{&quot;_animation&quot;:&quot;none&quot;}\" data-widget_type=\"heading.default\">\n\t\t\t\t<div class=\"elementor-widget-container\">\n\t\t\t<h2 class=\"elementor-heading-title elementor-size-default\"><span class=\"elementor-heading-title elementor-size-default elementor-inline-editing pen\" data-elementor-setting-key=\"title\" data-pen-placeholder=\"\u00c9crivez ici...\">L'IDAY MERCH : <\/span>ARTICLE 3 \u2013 OBLIGATIONS DES PARTIES<\/h2>\t\t<\/div>\n\t\t\t\t<\/div>\n\t\t\t\t<div class=\"elementor-element elementor-element-f0397bf elementor-widget elementor-widget-heading\" data-id=\"f0397bf\" data-element_type=\"widget\" data-settings=\"{&quot;_animation&quot;:&quot;none&quot;}\" data-widget_type=\"heading.default\">\n\t\t\t\t<div class=\"elementor-widget-container\">\n\t\t\t<h2 class=\"elementor-heading-title elementor-size-default\">ARTICLE 3.1 \u2013 OBLIGATIONS DU CLIENT<\/h2>\t\t<\/div>\n\t\t\t\t<\/div>\n\t\t\t\t\t\t<\/div>\n\t\t\t\t\t<\/div>\n\t\t<\/div>\n\t\t\t\t\t\t\t\t<\/div>\n\t\t\t\t\t<\/div>\n\t\t<\/section>\n\t\t\t\t<section class=\"elementor-section elementor-top-section elementor-element elementor-element-439e8e8 elementor-section-height-min-height elementor-section-items-top elementor-section-boxed elementor-section-height-default\" data-id=\"439e8e8\" data-element_type=\"section\">\n\t\t\t\t\t\t<div class=\"elementor-container elementor-column-gap-default\">\n\t\t\t\t\t\t\t<div class=\"elementor-row\">\n\t\t\t\t\t<div class=\"elementor-column elementor-col-100 elementor-top-column elementor-element elementor-element-15c457d\" data-id=\"15c457d\" data-element_type=\"column\">\n\t\t\t<div class=\"elementor-column-wrap elementor-element-populated\">\n\t\t\t\t\t\t\t<div class=\"elementor-widget-wrap\">\n\t\t\t\t\t\t<div class=\"elementor-element elementor-element-75190ed elementor-widget elementor-widget-heading\" data-id=\"75190ed\" data-element_type=\"widget\" data-widget_type=\"heading.default\">\n\t\t\t\t<div class=\"elementor-widget-container\">\n\t\t\t<p class=\"elementor-heading-title elementor-size-default\">Le Client s\u2019engage \u00e0 :\n- D\u00e9finir son besoin et communiquer au Prestataire ses exigences et contraintes en\ndes termes pr\u00e9cis, sp\u00e9cifiques et actionnables pour la r\u00e9alisation des Prestations.\n- Fournir au Prestataire, dans les meilleurs d\u00e9lais, l\u2019ensemble des informations,\ndocumentations, donn\u00e9es, cahier des charges et fichiers \u00e9ventuellement\nn\u00e9cessaires \u00e0 la r\u00e9alisation des Prestations.\n- Coop\u00e9rer activement et s\u2019assurer de la coop\u00e9ration de l\u2019ensemble de ses\nemploy\u00e9s et sous-traitants aux fins de la bonne r\u00e9alisation des Prestations.\n- Respecter le calendrier des Prestations tel qu\u2019\u00e9ventuellement fix\u00e9 au Devis entre\nles Parties, ainsi que l\u2019ensemble des obligations mises \u00e0 la charge du Client dans\nle cadre de ce calendrier.\n- Informer le Prestataire des difficult\u00e9s rencontr\u00e9es durant la r\u00e9alisation des\nPrestations et qui seraient susceptibles d\u2019avoir un impact quelconque sur la\nr\u00e9alisation des Prestations.\n- Suivre les recommandations du Prestataire.\n- Proc\u00e9der au paiement du Prix dans les conditions et d\u00e9lais d\u00e9finis \u00e0 l\u2019Article 4 ci apr\u00e8s.<\/p>\t\t<\/div>\n\t\t\t\t<\/div>\n\t\t\t\t\t\t<\/div>\n\t\t\t\t\t<\/div>\n\t\t<\/div>\n\t\t\t\t\t\t\t\t<\/div>\n\t\t\t\t\t<\/div>\n\t\t<\/section>\n\t\t\t\t<section class=\"elementor-section elementor-top-section elementor-element elementor-element-9926627 elementor-section-height-min-height elementor-section-boxed elementor-section-height-default elementor-section-items-middle\" data-id=\"9926627\" data-element_type=\"section\">\n\t\t\t\t\t\t<div class=\"elementor-container elementor-column-gap-default\">\n\t\t\t\t\t\t\t<div class=\"elementor-row\">\n\t\t\t\t\t<div class=\"elementor-column elementor-col-100 elementor-top-column elementor-element elementor-element-422edb9\" data-id=\"422edb9\" data-element_type=\"column\">\n\t\t\t<div class=\"elementor-column-wrap elementor-element-populated\">\n\t\t\t\t\t\t\t<div class=\"elementor-widget-wrap\">\n\t\t\t\t\t\t<div class=\"elementor-element elementor-element-4904496 elementor-widget elementor-widget-heading\" data-id=\"4904496\" data-element_type=\"widget\" data-settings=\"{&quot;_animation&quot;:&quot;none&quot;}\" data-widget_type=\"heading.default\">\n\t\t\t\t<div class=\"elementor-widget-container\">\n\t\t\t<h2 class=\"elementor-heading-title elementor-size-default\"><span class=\"elementor-heading-title elementor-size-default elementor-inline-editing pen\" data-elementor-setting-key=\"title\" data-pen-placeholder=\"\u00c9crivez ici...\">L'IDAY MERCH : <\/span>ARTICLE 3.2 \u2013 OBLIGATIONS DU PRESTATAIRE<\/h2>\t\t<\/div>\n\t\t\t\t<\/div>\n\t\t\t\t\t\t<\/div>\n\t\t\t\t\t<\/div>\n\t\t<\/div>\n\t\t\t\t\t\t\t\t<\/div>\n\t\t\t\t\t<\/div>\n\t\t<\/section>\n\t\t\t\t<section class=\"elementor-section elementor-top-section elementor-element elementor-element-4b33106 elementor-section-height-min-height elementor-section-items-top elementor-section-boxed elementor-section-height-default\" data-id=\"4b33106\" data-element_type=\"section\">\n\t\t\t\t\t\t<div class=\"elementor-container elementor-column-gap-default\">\n\t\t\t\t\t\t\t<div class=\"elementor-row\">\n\t\t\t\t\t<div class=\"elementor-column elementor-col-100 elementor-top-column elementor-element elementor-element-e676a8d\" data-id=\"e676a8d\" data-element_type=\"column\">\n\t\t\t<div class=\"elementor-column-wrap elementor-element-populated\">\n\t\t\t\t\t\t\t<div class=\"elementor-widget-wrap\">\n\t\t\t\t\t\t<div class=\"elementor-element elementor-element-8fb698b elementor-widget elementor-widget-heading\" data-id=\"8fb698b\" data-element_type=\"widget\" data-widget_type=\"heading.default\">\n\t\t\t\t<div class=\"elementor-widget-container\">\n\t\t\t<p class=\"elementor-heading-title elementor-size-default\">Le Prestataire s\u2019engage \u00e0 :\n- R\u00e9aliser les Prestations conform\u00e9ment au Devis.\n- Fournir un conseil loyal et \u00e9clair\u00e9 au Client, dans la limite de ses comp\u00e9tences et\nressources humaines et techniques, ainsi que des informations effectivement\ncommuniqu\u00e9es par le Client sur ses besoins et contraintes.\n- Coop\u00e9rer avec le Client en vue de la bonne r\u00e9alisation des Prestations.\n- R\u00e9aliser les Prestations dans le respect des lois et r\u00e8glementations applicables \u00e0\nla r\u00e9alisation des Prestations.\n- Respecter le calendrier des Prestations tel qu\u2019\u00e9ventuellement fix\u00e9 au Devis entre\nles Parties.\nIl est entendu que l\u2019ensemble des obligations du Prestataire au titre du Contrat\nconstituent des obligations de moyens et non pas des obligations de r\u00e9sultats.<\/p>\t\t<\/div>\n\t\t\t\t<\/div>\n\t\t\t\t\t\t<\/div>\n\t\t\t\t\t<\/div>\n\t\t<\/div>\n\t\t\t\t\t\t\t\t<\/div>\n\t\t\t\t\t<\/div>\n\t\t<\/section>\n\t\t\t\t<section class=\"elementor-section elementor-top-section elementor-element elementor-element-2d48e98 elementor-section-height-min-height elementor-section-boxed elementor-section-height-default elementor-section-items-middle\" data-id=\"2d48e98\" data-element_type=\"section\">\n\t\t\t\t\t\t<div class=\"elementor-container elementor-column-gap-default\">\n\t\t\t\t\t\t\t<div class=\"elementor-row\">\n\t\t\t\t\t<div class=\"elementor-column elementor-col-100 elementor-top-column elementor-element elementor-element-5de0616\" data-id=\"5de0616\" data-element_type=\"column\">\n\t\t\t<div class=\"elementor-column-wrap elementor-element-populated\">\n\t\t\t\t\t\t\t<div class=\"elementor-widget-wrap\">\n\t\t\t\t\t\t<div class=\"elementor-element elementor-element-f74ce97 elementor-widget elementor-widget-heading\" data-id=\"f74ce97\" data-element_type=\"widget\" data-settings=\"{&quot;_animation&quot;:&quot;none&quot;}\" data-widget_type=\"heading.default\">\n\t\t\t\t<div class=\"elementor-widget-container\">\n\t\t\t<h2 class=\"elementor-heading-title elementor-size-default\"><span class=\"elementor-heading-title elementor-size-default elementor-inline-editing pen\" data-elementor-setting-key=\"title\" data-pen-placeholder=\"\u00c9crivez ici...\">L'IDAY MERCH : <\/span>ARTICLE 4 \u2013 CONDITIONS FINANCI\u00c8RES<\/h2>\t\t<\/div>\n\t\t\t\t<\/div>\n\t\t\t\t<div class=\"elementor-element elementor-element-08f2214 elementor-widget elementor-widget-heading\" data-id=\"08f2214\" data-element_type=\"widget\" data-settings=\"{&quot;_animation&quot;:&quot;none&quot;}\" data-widget_type=\"heading.default\">\n\t\t\t\t<div class=\"elementor-widget-container\">\n\t\t\t<h2 class=\"elementor-heading-title elementor-size-default\">ARTICLE 4.1 \u2013 PRIX<\/h2>\t\t<\/div>\n\t\t\t\t<\/div>\n\t\t\t\t\t\t<\/div>\n\t\t\t\t\t<\/div>\n\t\t<\/div>\n\t\t\t\t\t\t\t\t<\/div>\n\t\t\t\t\t<\/div>\n\t\t<\/section>\n\t\t\t\t<section class=\"elementor-section elementor-top-section elementor-element elementor-element-149b828 elementor-section-height-min-height elementor-section-items-top elementor-section-boxed elementor-section-height-default\" data-id=\"149b828\" data-element_type=\"section\">\n\t\t\t\t\t\t<div class=\"elementor-container elementor-column-gap-default\">\n\t\t\t\t\t\t\t<div class=\"elementor-row\">\n\t\t\t\t\t<div class=\"elementor-column elementor-col-100 elementor-top-column elementor-element elementor-element-e7a41e6\" data-id=\"e7a41e6\" data-element_type=\"column\">\n\t\t\t<div class=\"elementor-column-wrap elementor-element-populated\">\n\t\t\t\t\t\t\t<div class=\"elementor-widget-wrap\">\n\t\t\t\t\t\t<div class=\"elementor-element elementor-element-e8ced1e elementor-widget elementor-widget-heading\" data-id=\"e8ced1e\" data-element_type=\"widget\" data-widget_type=\"heading.default\">\n\t\t\t\t<div class=\"elementor-widget-container\">\n\t\t\t<p class=\"elementor-heading-title elementor-size-default\">Le Prix est fix\u00e9 d\u2019un commun accord par les Parties. Le d\u00e9tail du Prix est stipul\u00e9 dans le\nDevis.\nSauf disposition contraire du Devis, les frais de missions (en ce compris, mais sans s\u2019y\nlimiter, les frais expos\u00e9s pour l\u2019h\u00e9bergement, les d\u00e9placements et la restauration des\npersonnels du Prestataire et\/ou des sous-traitants, ainsi que l\u2019achat\/location et le\ntransport de mat\u00e9riel le cas \u00e9ch\u00e9ant) sont \u00e0 la charge du Client, en sus du prix des\nPrestations et seront factur\u00e9s aux frais r\u00e9els et sur justificatifs.<\/p>\t\t<\/div>\n\t\t\t\t<\/div>\n\t\t\t\t\t\t<\/div>\n\t\t\t\t\t<\/div>\n\t\t<\/div>\n\t\t\t\t\t\t\t\t<\/div>\n\t\t\t\t\t<\/div>\n\t\t<\/section>\n\t\t\t\t<section class=\"elementor-section elementor-top-section elementor-element elementor-element-aac40ed elementor-section-height-min-height elementor-section-boxed elementor-section-height-default elementor-section-items-middle\" data-id=\"aac40ed\" data-element_type=\"section\">\n\t\t\t\t\t\t<div class=\"elementor-container elementor-column-gap-default\">\n\t\t\t\t\t\t\t<div class=\"elementor-row\">\n\t\t\t\t\t<div class=\"elementor-column elementor-col-100 elementor-top-column elementor-element elementor-element-0878198\" data-id=\"0878198\" data-element_type=\"column\">\n\t\t\t<div class=\"elementor-column-wrap elementor-element-populated\">\n\t\t\t\t\t\t\t<div class=\"elementor-widget-wrap\">\n\t\t\t\t\t\t<div class=\"elementor-element elementor-element-e1e5288 elementor-widget elementor-widget-heading\" data-id=\"e1e5288\" data-element_type=\"widget\" data-settings=\"{&quot;_animation&quot;:&quot;none&quot;}\" data-widget_type=\"heading.default\">\n\t\t\t\t<div class=\"elementor-widget-container\">\n\t\t\t<h2 class=\"elementor-heading-title elementor-size-default\"><span class=\"elementor-heading-title elementor-size-default elementor-inline-editing pen\" data-elementor-setting-key=\"title\" data-pen-placeholder=\"\u00c9crivez ici...\">L'IDAY MERCH : <\/span>ARTICLE 4.2 \u2013 MODALIT\u00c9S DE PAIEMENT<\/h2>\t\t<\/div>\n\t\t\t\t<\/div>\n\t\t\t\t\t\t<\/div>\n\t\t\t\t\t<\/div>\n\t\t<\/div>\n\t\t\t\t\t\t\t\t<\/div>\n\t\t\t\t\t<\/div>\n\t\t<\/section>\n\t\t\t\t<section class=\"elementor-section elementor-top-section elementor-element elementor-element-dfb4e33 elementor-section-height-min-height elementor-section-items-top elementor-section-boxed elementor-section-height-default\" data-id=\"dfb4e33\" data-element_type=\"section\">\n\t\t\t\t\t\t<div class=\"elementor-container elementor-column-gap-default\">\n\t\t\t\t\t\t\t<div class=\"elementor-row\">\n\t\t\t\t\t<div class=\"elementor-column elementor-col-100 elementor-top-column elementor-element elementor-element-cc83c3a\" data-id=\"cc83c3a\" data-element_type=\"column\">\n\t\t\t<div class=\"elementor-column-wrap elementor-element-populated\">\n\t\t\t\t\t\t\t<div class=\"elementor-widget-wrap\">\n\t\t\t\t\t\t<div class=\"elementor-element elementor-element-196ae9d elementor-widget elementor-widget-heading\" data-id=\"196ae9d\" data-element_type=\"widget\" data-widget_type=\"heading.default\">\n\t\t\t\t<div class=\"elementor-widget-container\">\n\t\t\t<h2 class=\"elementor-heading-title elementor-size-default\">Le montant des factures hors taxes sera major\u00e9 des taxes en vigueur \u00e0 la date de\nfacturation. Sauf disposition contraire, les factures \u00e9mises par le Prestataire sont payables dans les conditions pr\u00e9vues par le Devis, et, \u00e0 d\u00e9faut de disposition expresse\ndans le Devis, \u00e0 30 jours \u00e0 compter de la date d\u2019\u00e9mission de la facture.\nLe Prestataire pourra exiger le versement d\u2019une provision ou d\u2019un acompte en d\u00e9but\nde Prestation, quelle que soit la nature de la Prestation.\nLe paiement au Prestataire se fera par virement bancaire aux coordonn\u00e9es suivantes :\nB\u00e9n\u00e9ficiaire : EIRL DELROEUX L\u2019IDAY MERCH\nDomiciliation : CIC ARMENTIERES\nCode Banque : 30027 \/Code Guichet : 17015 \/ n\u00b0 Compte : 00020737501 \/ Cl\u00e9 RIB : 25\nIBAN : FR76 3002 7170 1500 0207 3750 125 \/ BIC : CMCIFRPP<\/h2>\t\t<\/div>\n\t\t\t\t<\/div>\n\t\t\t\t\t\t<\/div>\n\t\t\t\t\t<\/div>\n\t\t<\/div>\n\t\t\t\t\t\t\t\t<\/div>\n\t\t\t\t\t<\/div>\n\t\t<\/section>\n\t\t\t\t<section class=\"elementor-section elementor-top-section elementor-element elementor-element-50c543a elementor-section-height-min-height elementor-section-boxed elementor-section-height-default elementor-section-items-middle\" data-id=\"50c543a\" data-element_type=\"section\">\n\t\t\t\t\t\t<div class=\"elementor-container elementor-column-gap-default\">\n\t\t\t\t\t\t\t<div class=\"elementor-row\">\n\t\t\t\t\t<div class=\"elementor-column elementor-col-100 elementor-top-column elementor-element elementor-element-166c28c\" data-id=\"166c28c\" data-element_type=\"column\">\n\t\t\t<div class=\"elementor-column-wrap elementor-element-populated\">\n\t\t\t\t\t\t\t<div class=\"elementor-widget-wrap\">\n\t\t\t\t\t\t<div class=\"elementor-element elementor-element-10630c3 elementor-widget elementor-widget-heading\" data-id=\"10630c3\" data-element_type=\"widget\" data-settings=\"{&quot;_animation&quot;:&quot;none&quot;}\" data-widget_type=\"heading.default\">\n\t\t\t\t<div class=\"elementor-widget-container\">\n\t\t\t<h2 class=\"elementor-heading-title elementor-size-default\"><span class=\"elementor-heading-title elementor-size-default elementor-inline-editing pen\" data-elementor-setting-key=\"title\" data-pen-placeholder=\"\u00c9crivez ici...\">L'IDAY MERCH : <\/span>ARTICLE 4.3 \u2013 P\u00c9NALITES DE RETARD<\/h2>\t\t<\/div>\n\t\t\t\t<\/div>\n\t\t\t\t\t\t<\/div>\n\t\t\t\t\t<\/div>\n\t\t<\/div>\n\t\t\t\t\t\t\t\t<\/div>\n\t\t\t\t\t<\/div>\n\t\t<\/section>\n\t\t\t\t<section class=\"elementor-section elementor-top-section elementor-element elementor-element-7df462e elementor-section-height-min-height elementor-section-items-top elementor-section-boxed elementor-section-height-default\" data-id=\"7df462e\" data-element_type=\"section\">\n\t\t\t\t\t\t<div class=\"elementor-container elementor-column-gap-default\">\n\t\t\t\t\t\t\t<div class=\"elementor-row\">\n\t\t\t\t\t<div class=\"elementor-column elementor-col-100 elementor-top-column elementor-element elementor-element-ae0caa9\" data-id=\"ae0caa9\" data-element_type=\"column\">\n\t\t\t<div class=\"elementor-column-wrap elementor-element-populated\">\n\t\t\t\t\t\t\t<div class=\"elementor-widget-wrap\">\n\t\t\t\t\t\t<div class=\"elementor-element elementor-element-85ddb9c elementor-widget elementor-widget-heading\" data-id=\"85ddb9c\" data-element_type=\"widget\" data-widget_type=\"heading.default\">\n\t\t\t\t<div class=\"elementor-widget-container\">\n\t\t\t<p class=\"elementor-heading-title elementor-size-default\">Sauf d\u00e9lai de paiement suppl\u00e9mentaire accord\u00e9 express\u00e9ment par \u00e9crit sign\u00e9 du\nPrestataire, tout retard de paiement \u00e0 l\u2019\u00e9ch\u00e9ance entra\u00eenera de plein droit l\u2019application\nd\u2019int\u00e9r\u00eats calcul\u00e9s selon le paragraphe suivant, ainsi que l\u2019application d\u2019une indemnit\u00e9\nforfaitaire de quarante (40) euros pour frais de recouvrement.\nLe taux des int\u00e9r\u00eats de retard est \u00e9gal au taux d\u2019int\u00e9r\u00eat appliqu\u00e9 par la Banque Centrale\nEurop\u00e9enne \u00e0 son op\u00e9ration de refinancement la plus r\u00e9cente, major\u00e9 de 10 points\n(conform\u00e9ment \u00e0 l\u2019article L. 441-6 alin\u00e9a 3 du Code de commerce). Ces int\u00e9r\u00eats de\nretard courront \u00e0 compter du lendemain de la date d\u2019\u00e9ch\u00e9ance de la facture impay\u00e9e.\nL\u2019indemnit\u00e9 forfaitaire pour frais de recouvrement est due pour chacune des factures\npay\u00e9es en retard. Si les frais de recouvrement effectivement engag\u00e9s par le Prestataire\nsont sup\u00e9rieurs \u00e0 ce montant forfaitaire, notamment en cas de recours \u00e0 un cabinet\nde recouvrement externe, une indemnisation compl\u00e9mentaire pourra \u00eatre impos\u00e9e au\nclient, \u00e0 concurrence du montant r\u00e9el de ces frais effectivement engag\u00e9s. L\u2019indemnit\u00e9\nest due en totalit\u00e9 m\u00eame en cas de paiement partiel de la facture \u00e0 l\u2019\u00e9ch\u00e9ance et quelle\nque soit la dur\u00e9e du retard. Le montant de l\u2019indemnit\u00e9 n\u2019entre pas dans la base de\ncalcul des int\u00e9r\u00eats de retard.\nToute contestation relative \u00e0 une facture doit \u00eatre communiqu\u00e9e au Prestataire par\nlettre recommand\u00e9e avec accus\u00e9 de r\u00e9ception dans un d\u00e9lai de dix (10) jours \u00e0 compter\nde la date d\u2019\u00e9mission de ladite facture ; pass\u00e9 ce d\u00e9lai, le Client comprend et reconna\u00eet\nqu\u2019il ne pourra plus se pr\u00e9valoir d\u2019une quelconque contestation de la facture (d\u00e9lai de\nforclusion).<\/p>\t\t<\/div>\n\t\t\t\t<\/div>\n\t\t\t\t\t\t<\/div>\n\t\t\t\t\t<\/div>\n\t\t<\/div>\n\t\t\t\t\t\t\t\t<\/div>\n\t\t\t\t\t<\/div>\n\t\t<\/section>\n\t\t\t\t<section class=\"elementor-section elementor-top-section elementor-element elementor-element-dec40db elementor-section-height-min-height elementor-section-boxed elementor-section-height-default elementor-section-items-middle\" data-id=\"dec40db\" data-element_type=\"section\">\n\t\t\t\t\t\t<div class=\"elementor-container elementor-column-gap-default\">\n\t\t\t\t\t\t\t<div class=\"elementor-row\">\n\t\t\t\t\t<div class=\"elementor-column elementor-col-100 elementor-top-column elementor-element elementor-element-8bc4722\" data-id=\"8bc4722\" data-element_type=\"column\">\n\t\t\t<div class=\"elementor-column-wrap elementor-element-populated\">\n\t\t\t\t\t\t\t<div class=\"elementor-widget-wrap\">\n\t\t\t\t\t\t<div class=\"elementor-element elementor-element-da59831 elementor-widget elementor-widget-heading\" data-id=\"da59831\" data-element_type=\"widget\" data-settings=\"{&quot;_animation&quot;:&quot;none&quot;}\" data-widget_type=\"heading.default\">\n\t\t\t\t<div class=\"elementor-widget-container\">\n\t\t\t<h2 class=\"elementor-heading-title elementor-size-default\"><span class=\"elementor-heading-title elementor-size-default elementor-inline-editing pen\" data-elementor-setting-key=\"title\" data-pen-placeholder=\"\u00c9crivez ici...\">L'IDAY MERCH : <\/span>ARTICLE 5.1 \u2013 R\u00c9SILIATION POUR FAUTE<\/h2>\t\t<\/div>\n\t\t\t\t<\/div>\n\t\t\t\t<div class=\"elementor-element elementor-element-6546235 elementor-widget elementor-widget-heading\" data-id=\"6546235\" data-element_type=\"widget\" data-settings=\"{&quot;_animation&quot;:&quot;none&quot;}\" data-widget_type=\"heading.default\">\n\t\t\t\t<div class=\"elementor-widget-container\">\n\t\t\t<h2 class=\"elementor-heading-title elementor-size-default\">ARTICLE 5 \u2013 R\u00c9SILIATION<\/h2>\t\t<\/div>\n\t\t\t\t<\/div>\n\t\t\t\t\t\t<\/div>\n\t\t\t\t\t<\/div>\n\t\t<\/div>\n\t\t\t\t\t\t\t\t<\/div>\n\t\t\t\t\t<\/div>\n\t\t<\/section>\n\t\t\t\t<section class=\"elementor-section elementor-top-section elementor-element elementor-element-d0610b5 elementor-section-height-min-height elementor-section-items-top elementor-section-boxed elementor-section-height-default\" data-id=\"d0610b5\" data-element_type=\"section\">\n\t\t\t\t\t\t<div class=\"elementor-container elementor-column-gap-default\">\n\t\t\t\t\t\t\t<div class=\"elementor-row\">\n\t\t\t\t\t<div class=\"elementor-column elementor-col-100 elementor-top-column elementor-element elementor-element-fd9a733\" data-id=\"fd9a733\" data-element_type=\"column\">\n\t\t\t<div class=\"elementor-column-wrap elementor-element-populated\">\n\t\t\t\t\t\t\t<div class=\"elementor-widget-wrap\">\n\t\t\t\t\t\t<div class=\"elementor-element elementor-element-90c4295 elementor-widget elementor-widget-heading\" data-id=\"90c4295\" data-element_type=\"widget\" data-widget_type=\"heading.default\">\n\t\t\t\t<div class=\"elementor-widget-container\">\n\t\t\t<p class=\"elementor-heading-title elementor-size-default\">Tout manquement d\u2019une Partie \u00e0 l\u2019une quelconque de ses obligations substantielles au\ntitre du pr\u00e9sent Contrat, non r\u00e9par\u00e9 dans un d\u00e9lai de trente (30) jours \u00e0 compter de la\nnotification de ce manquement par l\u2019autre Partie par lettre recommand\u00e9e avec accus\u00e9\nde r\u00e9ception, entra\u00eenera de plein droit la r\u00e9siliation des Conditions G\u00e9n\u00e9rales sous\nr\u00e9serve de tous dommages et int\u00e9r\u00eats auxquels cette autre Partie pourrait pr\u00e9tendre.\nLes Parties reconnaissent que la r\u00e9alisation des Prestations trouve son utilit\u00e9 au fur et\n\u00e0 mesure de l\u2019ex\u00e9cution r\u00e9ciproque du Contrat. La r\u00e9siliation du Contrat ne saurait\ndonc valoir que pour l\u2019avenir, et n\u2019ouvrira droit \u00e0 aucun remboursement au profit du\nClient pour la fraction d\u00e9j\u00e0 ex\u00e9cut\u00e9e des Prestations.\nLa r\u00e9siliation du Contrat n\u2019affectera ni les clauses relatives au r\u00e8glement des diff\u00e9rends,\nni celles destin\u00e9es \u00e0 produire effet m\u00eame en cas de r\u00e9solution, telles que (sans que\ncette liste soit limitative) les clauses de confidentialit\u00e9 et de non-concurrence\n\u00e9ventuelles.<\/p>\t\t<\/div>\n\t\t\t\t<\/div>\n\t\t\t\t\t\t<\/div>\n\t\t\t\t\t<\/div>\n\t\t<\/div>\n\t\t\t\t\t\t\t\t<\/div>\n\t\t\t\t\t<\/div>\n\t\t<\/section>\n\t\t\t\t<section class=\"elementor-section elementor-top-section elementor-element elementor-element-898d09f elementor-section-height-min-height elementor-section-boxed elementor-section-height-default elementor-section-items-middle\" data-id=\"898d09f\" data-element_type=\"section\">\n\t\t\t\t\t\t<div class=\"elementor-container elementor-column-gap-default\">\n\t\t\t\t\t\t\t<div class=\"elementor-row\">\n\t\t\t\t\t<div class=\"elementor-column elementor-col-100 elementor-top-column elementor-element elementor-element-69a5ad1\" data-id=\"69a5ad1\" data-element_type=\"column\">\n\t\t\t<div class=\"elementor-column-wrap elementor-element-populated\">\n\t\t\t\t\t\t\t<div class=\"elementor-widget-wrap\">\n\t\t\t\t\t\t<div class=\"elementor-element elementor-element-ae0cd73 elementor-widget elementor-widget-heading\" data-id=\"ae0cd73\" data-element_type=\"widget\" data-settings=\"{&quot;_animation&quot;:&quot;none&quot;}\" data-widget_type=\"heading.default\">\n\t\t\t\t<div class=\"elementor-widget-container\">\n\t\t\t<h2 class=\"elementor-heading-title elementor-size-default\"><span class=\"elementor-heading-title elementor-size-default elementor-inline-editing pen\" data-elementor-setting-key=\"title\" data-pen-placeholder=\"\u00c9crivez ici...\">L'IDAY MERCH : <\/span>ARTICLE 5.2 \u2013 R\u00c9SILIATION AMIABLE<\/h2>\t\t<\/div>\n\t\t\t\t<\/div>\n\t\t\t\t\t\t<\/div>\n\t\t\t\t\t<\/div>\n\t\t<\/div>\n\t\t\t\t\t\t\t\t<\/div>\n\t\t\t\t\t<\/div>\n\t\t<\/section>\n\t\t\t\t<section class=\"elementor-section elementor-top-section elementor-element elementor-element-055feca elementor-section-height-min-height elementor-section-items-top elementor-section-boxed elementor-section-height-default\" data-id=\"055feca\" data-element_type=\"section\">\n\t\t\t\t\t\t<div class=\"elementor-container elementor-column-gap-default\">\n\t\t\t\t\t\t\t<div class=\"elementor-row\">\n\t\t\t\t\t<div class=\"elementor-column elementor-col-100 elementor-top-column elementor-element elementor-element-9f7b498\" data-id=\"9f7b498\" data-element_type=\"column\">\n\t\t\t<div class=\"elementor-column-wrap elementor-element-populated\">\n\t\t\t\t\t\t\t<div class=\"elementor-widget-wrap\">\n\t\t\t\t\t\t<div class=\"elementor-element elementor-element-dddeff3 elementor-widget elementor-widget-heading\" data-id=\"dddeff3\" data-element_type=\"widget\" data-widget_type=\"heading.default\">\n\t\t\t\t<div class=\"elementor-widget-container\">\n\t\t\t<p class=\"elementor-heading-title elementor-size-default\">Les Parties pourront par ailleurs convenir de r\u00e9silier le pr\u00e9sent Contrat \u00e0 tout moment,\nd\u2019un commun accord. Dans le cas o\u00f9 le Client serait \u00e0 l\u2019initiative d\u2019une telle r\u00e9siliation\namiable, le Prestataire se r\u00e9serve le droit discr\u00e9tionnaire d\u2019acc\u00e9der ou non \u00e0 la\ndemande du Client.\nEn toute hypoth\u00e8se :\n- La r\u00e9siliation amiable ne sera acquise qu\u2019\u00e0 la date de signature par l\u2019ensemble des\nParties d\u2019un \u00e9crit pr\u00e9cisant les causes de la r\u00e9siliation amiable et les conditions\nfinanci\u00e8res de cette derni\u00e8re.\n- Toute Prestation achev\u00e9e \u00e0 la date de r\u00e9siliation sera int\u00e9gralement factur\u00e9e\nconform\u00e9ment \u00e0 son prix tel qu\u2019indiqu\u00e9 au Devis, et le Client sera tenu de son\nparfait paiement.\n- Pour les Prestations non achev\u00e9es et en cours de r\u00e9alisation \u00e0 la date de\nr\u00e9siliation, la facturation sera effectu\u00e9e au prorata de l\u2019avancement de la\nPrestation en question, et comprendra en toute hypoth\u00e8se les frais de gestion de\nprojet mobilis\u00e9s, l\u2019ensemble des frais d\u00e9j\u00e0 engag\u00e9s pour le compte de la Prestation\nquand bien m\u00eame ces derniers ne trouveraient pas encore leur utilit\u00e9 dans ladite\nPrestation, ainsi qu\u2019une indemnit\u00e9 forfaitaire de 15% du montant initial du Devis\n\u00e0 titre de dommages et int\u00e9r\u00eats pour r\u00e9siliation anticip\u00e9e.\nLa r\u00e9siliation du Contrat n\u2019affectera ni les clauses relatives au r\u00e8glement des diff\u00e9rends,\nni celles destin\u00e9es \u00e0 produire effet m\u00eame en cas de r\u00e9solution, telles que (liste nonlimitative)\nles clauses de confidentialit\u00e9 et de non-concurrence \u00e9ventuelles.<\/p>\t\t<\/div>\n\t\t\t\t<\/div>\n\t\t\t\t\t\t<\/div>\n\t\t\t\t\t<\/div>\n\t\t<\/div>\n\t\t\t\t\t\t\t\t<\/div>\n\t\t\t\t\t<\/div>\n\t\t<\/section>\n\t\t\t\t<section class=\"elementor-section elementor-top-section elementor-element elementor-element-14daa6c elementor-section-height-min-height elementor-section-boxed elementor-section-height-default elementor-section-items-middle\" data-id=\"14daa6c\" data-element_type=\"section\">\n\t\t\t\t\t\t<div class=\"elementor-container elementor-column-gap-default\">\n\t\t\t\t\t\t\t<div class=\"elementor-row\">\n\t\t\t\t\t<div class=\"elementor-column elementor-col-100 elementor-top-column elementor-element elementor-element-4c9df0c\" data-id=\"4c9df0c\" data-element_type=\"column\">\n\t\t\t<div class=\"elementor-column-wrap elementor-element-populated\">\n\t\t\t\t\t\t\t<div class=\"elementor-widget-wrap\">\n\t\t\t\t\t\t<div class=\"elementor-element elementor-element-8075868 elementor-widget elementor-widget-heading\" data-id=\"8075868\" data-element_type=\"widget\" data-settings=\"{&quot;_animation&quot;:&quot;none&quot;}\" data-widget_type=\"heading.default\">\n\t\t\t\t<div class=\"elementor-widget-container\">\n\t\t\t<h2 class=\"elementor-heading-title elementor-size-default\"><span class=\"elementor-heading-title elementor-size-default elementor-inline-editing pen\" data-elementor-setting-key=\"title\" data-pen-placeholder=\"\u00c9crivez ici...\">L'IDAY MERCH : <\/span>ARTICLE 6 \u2013 FORCE MAJEURE<\/h2>\t\t<\/div>\n\t\t\t\t<\/div>\n\t\t\t\t\t\t<\/div>\n\t\t\t\t\t<\/div>\n\t\t<\/div>\n\t\t\t\t\t\t\t\t<\/div>\n\t\t\t\t\t<\/div>\n\t\t<\/section>\n\t\t\t\t<section class=\"elementor-section elementor-top-section elementor-element elementor-element-1f68470 elementor-section-height-min-height elementor-section-items-top elementor-section-boxed elementor-section-height-default\" data-id=\"1f68470\" data-element_type=\"section\">\n\t\t\t\t\t\t<div class=\"elementor-container elementor-column-gap-default\">\n\t\t\t\t\t\t\t<div class=\"elementor-row\">\n\t\t\t\t\t<div class=\"elementor-column elementor-col-100 elementor-top-column elementor-element elementor-element-016e69a\" data-id=\"016e69a\" data-element_type=\"column\">\n\t\t\t<div class=\"elementor-column-wrap elementor-element-populated\">\n\t\t\t\t\t\t\t<div class=\"elementor-widget-wrap\">\n\t\t\t\t\t\t<div class=\"elementor-element elementor-element-6266738 elementor-widget elementor-widget-heading\" data-id=\"6266738\" data-element_type=\"widget\" data-widget_type=\"heading.default\">\n\t\t\t\t<div class=\"elementor-widget-container\">\n\t\t\t<p class=\"elementor-heading-title elementor-size-default\">L\u2019ex\u00e9cution de tout ou partie des obligations stipul\u00e9es au Contrat pourra \u00eatre\nsuspendue si l\u2019une des Parties se trouve affect\u00e9e par un cas de force majeure.\nSeront consid\u00e9r\u00e9s comme cas de force majeure tous faits ou circonstances irr\u00e9sistibles,\next\u00e9rieurs aux parties, impr\u00e9visibles, in\u00e9vitables, ind\u00e9pendants de la volont\u00e9 des\nparties et qui ne pourront \u00eatre emp\u00each\u00e9s par ces derni\u00e8res, malgr\u00e9 tous les efforts\nraisonnablement possibles.\nDe fa\u00e7on expresse, sont consid\u00e9r\u00e9s comme cas de force majeure : le blocage des\nmoyens de transports ou d'approvisionnements, tremblements de terre, incendies,\ntemp\u00eates, inondations, foudre, \u00e9pid\u00e9mie et pand\u00e9mie, arr\u00eat des r\u00e9seaux de\nt\u00e9l\u00e9communication.\nLa Partie affect\u00e9e par un cas de force majeure devra notifier par \u00e9crit \u00e0 l\u2019autre Partie\nde l\u2019existence dudit cas de force majeure. Cette notification entrainera la suspension\nde l\u2019exigibilit\u00e9 des obligations concern\u00e9es pendant le d\u00e9lai mentionn\u00e9 au courrier de\nnotification, \u00e9tant pr\u00e9cis\u00e9 que ce d\u00e9lai courra \u00e0 compter de la r\u00e9ception de ce courrier\net ne pourra en aucun cas exc\u00e9der 3 (trois) mois.\nAucune Partie ne pourra \u00eatre tenue pour responsable du d\u00e9faut d\u2019ex\u00e9cution d\u2019une ou\nplusieurs obligation(s) stipul\u00e9e(s) au pr\u00e9sent Contrat, dans la mesure o\u00f9 ce d\u00e9faut\nd\u2019ex\u00e9cution aurait pour cause un cas de force majeure.\nSi le cas de force majeure persiste \u00e0 l\u2019issue du d\u00e9lai de 3 (trois) mois susvis\u00e9, la Partie\nla plus diligente pourra notifier \u00e0 l\u2019autre Partie la r\u00e9siliation des pr\u00e9sentes. La r\u00e9siliation\nprendra effet au jour de r\u00e9ception de la notification, et en toute hypoth\u00e8se aucune\nsomme vers\u00e9e par le Client ne pourra \u00eatre rembours\u00e9e par le Prestataire.\nLa r\u00e9siliation vis\u00e9e au paragraphe pr\u00e9c\u00e9dent ne vaudra que pour l\u2019avenir, les Parties\n\u00e9cartant de fa\u00e7on g\u00e9n\u00e9rale toute possibilit\u00e9 de r\u00e9solution conventionnelle des\nConditions G\u00e9n\u00e9rales.<\/p>\t\t<\/div>\n\t\t\t\t<\/div>\n\t\t\t\t\t\t<\/div>\n\t\t\t\t\t<\/div>\n\t\t<\/div>\n\t\t\t\t\t\t\t\t<\/div>\n\t\t\t\t\t<\/div>\n\t\t<\/section>\n\t\t\t\t<section class=\"elementor-section elementor-top-section elementor-element elementor-element-5dd2834 elementor-section-height-min-height elementor-section-boxed elementor-section-height-default elementor-section-items-middle\" data-id=\"5dd2834\" data-element_type=\"section\">\n\t\t\t\t\t\t<div class=\"elementor-container elementor-column-gap-default\">\n\t\t\t\t\t\t\t<div class=\"elementor-row\">\n\t\t\t\t\t<div class=\"elementor-column elementor-col-100 elementor-top-column elementor-element elementor-element-c6c8d74\" data-id=\"c6c8d74\" data-element_type=\"column\">\n\t\t\t<div class=\"elementor-column-wrap elementor-element-populated\">\n\t\t\t\t\t\t\t<div class=\"elementor-widget-wrap\">\n\t\t\t\t\t\t<div class=\"elementor-element elementor-element-0200f7f elementor-widget elementor-widget-heading\" data-id=\"0200f7f\" data-element_type=\"widget\" data-settings=\"{&quot;_animation&quot;:&quot;none&quot;}\" data-widget_type=\"heading.default\">\n\t\t\t\t<div class=\"elementor-widget-container\">\n\t\t\t<h2 class=\"elementor-heading-title elementor-size-default\"><span class=\"elementor-heading-title elementor-size-default elementor-inline-editing pen\" data-elementor-setting-key=\"title\" data-pen-placeholder=\"\u00c9crivez ici...\">L'IDAY MERCH : <\/span>ARTICLE 7 \u2013 TRANSFERT DE PROPRI\u00c9T\u00c9 ET TRANSFERT DES RISQUES<\/h2>\t\t<\/div>\n\t\t\t\t<\/div>\n\t\t\t\t<div class=\"elementor-element elementor-element-a326f53 elementor-widget elementor-widget-heading\" data-id=\"a326f53\" data-element_type=\"widget\" data-settings=\"{&quot;_animation&quot;:&quot;none&quot;}\" data-widget_type=\"heading.default\">\n\t\t\t\t<div class=\"elementor-widget-container\">\n\t\t\t<h2 class=\"elementor-heading-title elementor-size-default\">ARTICLE 7.1 \u2013 TRANSFERT DE PROPRI\u00c9T\u00c9<\/h2>\t\t<\/div>\n\t\t\t\t<\/div>\n\t\t\t\t\t\t<\/div>\n\t\t\t\t\t<\/div>\n\t\t<\/div>\n\t\t\t\t\t\t\t\t<\/div>\n\t\t\t\t\t<\/div>\n\t\t<\/section>\n\t\t\t\t<section class=\"elementor-section elementor-top-section elementor-element elementor-element-a341668 elementor-section-height-min-height elementor-section-items-top elementor-section-boxed elementor-section-height-default\" data-id=\"a341668\" data-element_type=\"section\">\n\t\t\t\t\t\t<div class=\"elementor-container elementor-column-gap-default\">\n\t\t\t\t\t\t\t<div class=\"elementor-row\">\n\t\t\t\t\t<div class=\"elementor-column elementor-col-100 elementor-top-column elementor-element elementor-element-dcc0593\" data-id=\"dcc0593\" data-element_type=\"column\">\n\t\t\t<div class=\"elementor-column-wrap elementor-element-populated\">\n\t\t\t\t\t\t\t<div class=\"elementor-widget-wrap\">\n\t\t\t\t\t\t<div class=\"elementor-element elementor-element-f353324 elementor-widget elementor-widget-heading\" data-id=\"f353324\" data-element_type=\"widget\" data-widget_type=\"heading.default\">\n\t\t\t\t<div class=\"elementor-widget-container\">\n\t\t\t<p class=\"elementor-heading-title elementor-size-default\">Lorsque la r\u00e9alisation des Prestations implique la d\u00e9livrance d\u2019une ou plusieurs choses\ncorporelles, notamment la fourniture de mat\u00e9riels, par le Prestataire au Client, le\ntransfert de propri\u00e9t\u00e9 de la ou des choses au Client intervient lorsque le prix pr\u00e9vu au\nContrat est int\u00e9gralement pay\u00e9 par le Client.<\/p>\t\t<\/div>\n\t\t\t\t<\/div>\n\t\t\t\t\t\t<\/div>\n\t\t\t\t\t<\/div>\n\t\t<\/div>\n\t\t\t\t\t\t\t\t<\/div>\n\t\t\t\t\t<\/div>\n\t\t<\/section>\n\t\t\t\t<section class=\"elementor-section elementor-top-section elementor-element elementor-element-9052515 elementor-section-height-min-height elementor-section-boxed elementor-section-height-default elementor-section-items-middle\" data-id=\"9052515\" data-element_type=\"section\">\n\t\t\t\t\t\t<div class=\"elementor-container elementor-column-gap-default\">\n\t\t\t\t\t\t\t<div class=\"elementor-row\">\n\t\t\t\t\t<div class=\"elementor-column elementor-col-100 elementor-top-column elementor-element elementor-element-340813c\" data-id=\"340813c\" data-element_type=\"column\">\n\t\t\t<div class=\"elementor-column-wrap elementor-element-populated\">\n\t\t\t\t\t\t\t<div class=\"elementor-widget-wrap\">\n\t\t\t\t\t\t<div class=\"elementor-element elementor-element-73e08b2 elementor-widget elementor-widget-heading\" data-id=\"73e08b2\" data-element_type=\"widget\" data-settings=\"{&quot;_animation&quot;:&quot;none&quot;}\" data-widget_type=\"heading.default\">\n\t\t\t\t<div class=\"elementor-widget-container\">\n\t\t\t<h2 class=\"elementor-heading-title elementor-size-default\"><span class=\"elementor-heading-title elementor-size-default elementor-inline-editing pen\" data-elementor-setting-key=\"title\" data-pen-placeholder=\"\u00c9crivez ici...\">L'IDAY MERCH : <\/span>ARTICLE 7.2 \u2013 TRANSFERT DES RISQUES<\/h2>\t\t<\/div>\n\t\t\t\t<\/div>\n\t\t\t\t\t\t<\/div>\n\t\t\t\t\t<\/div>\n\t\t<\/div>\n\t\t\t\t\t\t\t\t<\/div>\n\t\t\t\t\t<\/div>\n\t\t<\/section>\n\t\t\t\t<section class=\"elementor-section elementor-top-section elementor-element elementor-element-ae085c8 elementor-section-height-min-height elementor-section-items-top elementor-section-boxed elementor-section-height-default\" data-id=\"ae085c8\" data-element_type=\"section\">\n\t\t\t\t\t\t<div class=\"elementor-container elementor-column-gap-default\">\n\t\t\t\t\t\t\t<div class=\"elementor-row\">\n\t\t\t\t\t<div class=\"elementor-column elementor-col-100 elementor-top-column elementor-element elementor-element-443304e\" data-id=\"443304e\" data-element_type=\"column\">\n\t\t\t<div class=\"elementor-column-wrap elementor-element-populated\">\n\t\t\t\t\t\t\t<div class=\"elementor-widget-wrap\">\n\t\t\t\t\t\t<div class=\"elementor-element elementor-element-569ce24 elementor-widget elementor-widget-heading\" data-id=\"569ce24\" data-element_type=\"widget\" data-widget_type=\"heading.default\">\n\t\t\t\t<div class=\"elementor-widget-container\">\n\t\t\t<p class=\"elementor-heading-title elementor-size-default\">Le transfert des risques aff\u00e9rent aux Prestations livr\u00e9es (notamment lorsqu\u2019elles\nincluent la livraison de mat\u00e9riel) intervient au d\u00e9part de toute usine, magasins ou lieux\no\u00f9 sont entrepos\u00e9s les mat\u00e9riaux ou les lieux o\u00f9 s'effectuent la pr\u00e9paration des\nPrestations logistiques.<\/p>\t\t<\/div>\n\t\t\t\t<\/div>\n\t\t\t\t\t\t<\/div>\n\t\t\t\t\t<\/div>\n\t\t<\/div>\n\t\t\t\t\t\t\t\t<\/div>\n\t\t\t\t\t<\/div>\n\t\t<\/section>\n\t\t\t\t<section class=\"elementor-section elementor-top-section elementor-element elementor-element-1166723 elementor-section-height-min-height elementor-section-boxed elementor-section-height-default elementor-section-items-middle\" data-id=\"1166723\" data-element_type=\"section\">\n\t\t\t\t\t\t<div class=\"elementor-container elementor-column-gap-default\">\n\t\t\t\t\t\t\t<div class=\"elementor-row\">\n\t\t\t\t\t<div class=\"elementor-column elementor-col-100 elementor-top-column elementor-element elementor-element-346ffb0\" data-id=\"346ffb0\" data-element_type=\"column\">\n\t\t\t<div class=\"elementor-column-wrap elementor-element-populated\">\n\t\t\t\t\t\t\t<div class=\"elementor-widget-wrap\">\n\t\t\t\t\t\t<div class=\"elementor-element elementor-element-2c3c94c elementor-widget elementor-widget-heading\" data-id=\"2c3c94c\" data-element_type=\"widget\" data-settings=\"{&quot;_animation&quot;:&quot;none&quot;}\" data-widget_type=\"heading.default\">\n\t\t\t\t<div class=\"elementor-widget-container\">\n\t\t\t<h2 class=\"elementor-heading-title elementor-size-default\"><span class=\"elementor-heading-title elementor-size-default elementor-inline-editing pen\" data-elementor-setting-key=\"title\" data-pen-placeholder=\"\u00c9crivez ici...\">L'IDAY MERCH : <\/span>ARTICLE 8 \u2013 GARANTIES L\u00c9GALES ET EXCLUSION DE GARANTIE CONTRACTUELLE<\/h2>\t\t<\/div>\n\t\t\t\t<\/div>\n\t\t\t\t\t\t<\/div>\n\t\t\t\t\t<\/div>\n\t\t<\/div>\n\t\t\t\t\t\t\t\t<\/div>\n\t\t\t\t\t<\/div>\n\t\t<\/section>\n\t\t\t\t<section class=\"elementor-section elementor-top-section elementor-element elementor-element-a093cf6 elementor-section-height-min-height elementor-section-items-top elementor-section-boxed elementor-section-height-default\" data-id=\"a093cf6\" data-element_type=\"section\">\n\t\t\t\t\t\t<div class=\"elementor-container elementor-column-gap-default\">\n\t\t\t\t\t\t\t<div class=\"elementor-row\">\n\t\t\t\t\t<div class=\"elementor-column elementor-col-100 elementor-top-column elementor-element elementor-element-204ce44\" data-id=\"204ce44\" data-element_type=\"column\">\n\t\t\t<div class=\"elementor-column-wrap elementor-element-populated\">\n\t\t\t\t\t\t\t<div class=\"elementor-widget-wrap\">\n\t\t\t\t\t\t<div class=\"elementor-element elementor-element-ee5072c elementor-widget elementor-widget-heading\" data-id=\"ee5072c\" data-element_type=\"widget\" data-widget_type=\"heading.default\">\n\t\t\t\t<div class=\"elementor-widget-container\">\n\t\t\t<p class=\"elementor-heading-title elementor-size-default\">Pour toute Prestation, le Prestataire n\u2019accorde aucune autre garantie que celles qui lui\nseraient impos\u00e9es par une disposition l\u00e9gale ou r\u00e9glementaire imp\u00e9rative.\nLa responsabilit\u00e9 du Prestataire ne peut \u00eatre engag\u00e9e pour tout pr\u00e9judice subi par le\nClient, au cas o\u00f9 des marchandises livr\u00e9es dans le cadre des Prestations seraient\nutilis\u00e9es, dans des conditions anormales ou incompatibles avec leur nature et les\ninstructions et directives du Prestataire.\nPar ailleurs la responsabilit\u00e9 du Prestataire ne pourra \u00eatre engag\u00e9e au titre des\ndommages indirects subis par le Client. Par dommages indirects, les parties\nconviennent d'entendre notamment les pertes de b\u00e9n\u00e9fice, chiffre d'affaires, donn\u00e9es\nou usage de celles-ci.\nIl est express\u00e9ment entendu que tous les \u00e9l\u00e9ments, notamment mais non\nexclusivement les produits qui composent le Kit de d\u00e9coration, qui ne sont pas\nfabriqu\u00e9s ou r\u00e9alis\u00e9s par le Prestataire, ne rel\u00e8vent pas de la responsabilit\u00e9 du\nPrestataire. En cons\u00e9quence, la responsabilit\u00e9 du Prestataire ne saurait \u00eatre\nrecherch\u00e9e en cas de d\u00e9faut de qualit\u00e9 d\u2019un \u00e9l\u00e9ment livr\u00e9 au Client par un fournisseur\ntiers au Contrat.<\/p>\t\t<\/div>\n\t\t\t\t<\/div>\n\t\t\t\t\t\t<\/div>\n\t\t\t\t\t<\/div>\n\t\t<\/div>\n\t\t\t\t\t\t\t\t<\/div>\n\t\t\t\t\t<\/div>\n\t\t<\/section>\n\t\t\t\t<section class=\"elementor-section elementor-top-section elementor-element elementor-element-5405128 elementor-section-height-min-height elementor-section-boxed elementor-section-height-default elementor-section-items-middle\" data-id=\"5405128\" data-element_type=\"section\">\n\t\t\t\t\t\t<div class=\"elementor-container elementor-column-gap-default\">\n\t\t\t\t\t\t\t<div class=\"elementor-row\">\n\t\t\t\t\t<div class=\"elementor-column elementor-col-100 elementor-top-column elementor-element elementor-element-0a1e0c1\" data-id=\"0a1e0c1\" data-element_type=\"column\">\n\t\t\t<div class=\"elementor-column-wrap elementor-element-populated\">\n\t\t\t\t\t\t\t<div class=\"elementor-widget-wrap\">\n\t\t\t\t\t\t<div class=\"elementor-element elementor-element-3053cdb elementor-widget elementor-widget-heading\" data-id=\"3053cdb\" data-element_type=\"widget\" data-settings=\"{&quot;_animation&quot;:&quot;none&quot;}\" data-widget_type=\"heading.default\">\n\t\t\t\t<div class=\"elementor-widget-container\">\n\t\t\t<h2 class=\"elementor-heading-title elementor-size-default\"><span class=\"elementor-heading-title elementor-size-default elementor-inline-editing pen\" data-elementor-setting-key=\"title\" data-pen-placeholder=\"\u00c9crivez ici...\">L'IDAY MERCH : <\/span>ARTICLE 9 \u2013 PROPRI\u00c9T\u00c9 DES DOCUMENTS<\/h2>\t\t<\/div>\n\t\t\t\t<\/div>\n\t\t\t\t<div class=\"elementor-element elementor-element-21d266c elementor-widget elementor-widget-heading\" data-id=\"21d266c\" data-element_type=\"widget\" data-settings=\"{&quot;_animation&quot;:&quot;none&quot;}\" data-widget_type=\"heading.default\">\n\t\t\t\t<div class=\"elementor-widget-container\">\n\t\t\t<h2 class=\"elementor-heading-title elementor-size-default\">ARTICLE 9.1 \u2013 PROPRI\u00c9T\u00c9 DES DOCUMENTS COMMUNIQU\u00c9S PAR LE PRESTATAIRE AU\nCLIENT<\/h2>\t\t<\/div>\n\t\t\t\t<\/div>\n\t\t\t\t\t\t<\/div>\n\t\t\t\t\t<\/div>\n\t\t<\/div>\n\t\t\t\t\t\t\t\t<\/div>\n\t\t\t\t\t<\/div>\n\t\t<\/section>\n\t\t\t\t<section class=\"elementor-section elementor-top-section elementor-element elementor-element-b90b6b9 elementor-section-height-min-height elementor-section-items-top elementor-section-boxed elementor-section-height-default\" data-id=\"b90b6b9\" data-element_type=\"section\">\n\t\t\t\t\t\t<div class=\"elementor-container elementor-column-gap-default\">\n\t\t\t\t\t\t\t<div class=\"elementor-row\">\n\t\t\t\t\t<div class=\"elementor-column elementor-col-100 elementor-top-column elementor-element elementor-element-d94a2fb\" data-id=\"d94a2fb\" data-element_type=\"column\">\n\t\t\t<div class=\"elementor-column-wrap elementor-element-populated\">\n\t\t\t\t\t\t\t<div class=\"elementor-widget-wrap\">\n\t\t\t\t\t\t<div class=\"elementor-element elementor-element-d610cea elementor-widget elementor-widget-heading\" data-id=\"d610cea\" data-element_type=\"widget\" data-widget_type=\"heading.default\">\n\t\t\t\t<div class=\"elementor-widget-container\">\n\t\t\t<p class=\"elementor-heading-title elementor-size-default\">Tous documents relatifs \u00e0 l\u2019ex\u00e9cution des Prestations ne pourront \u00eatre reproduits,\nconserv\u00e9s ou communiqu\u00e9s \u00e0 des tiers par le Client sans autorisation pr\u00e9alable \u00e9crite\ndu Prestataire, et demeurent la propri\u00e9t\u00e9 exclusive du Prestataire qui peut les\nreproduire, les conserver et les communiquer \u00e0 des tiers pour ses propres besoins sans\nque le Client puisse s\u2019y opposer ou pr\u00e9tendre \u00e0 une quelconque indemnit\u00e9, \u00e0 condition\nque ces documents appartenant au Prestataire ne comportent pas d\u2019informations\nconfidentielles du Client.<\/p>\t\t<\/div>\n\t\t\t\t<\/div>\n\t\t\t\t\t\t<\/div>\n\t\t\t\t\t<\/div>\n\t\t<\/div>\n\t\t\t\t\t\t\t\t<\/div>\n\t\t\t\t\t<\/div>\n\t\t<\/section>\n\t\t\t\t<section class=\"elementor-section elementor-top-section elementor-element elementor-element-4585933 elementor-section-height-min-height elementor-section-boxed elementor-section-height-default elementor-section-items-middle\" data-id=\"4585933\" data-element_type=\"section\">\n\t\t\t\t\t\t<div class=\"elementor-container elementor-column-gap-default\">\n\t\t\t\t\t\t\t<div class=\"elementor-row\">\n\t\t\t\t\t<div class=\"elementor-column elementor-col-100 elementor-top-column elementor-element elementor-element-b5ad5fd\" data-id=\"b5ad5fd\" data-element_type=\"column\">\n\t\t\t<div class=\"elementor-column-wrap elementor-element-populated\">\n\t\t\t\t\t\t\t<div class=\"elementor-widget-wrap\">\n\t\t\t\t\t\t<div class=\"elementor-element elementor-element-fb30305 elementor-widget elementor-widget-heading\" data-id=\"fb30305\" data-element_type=\"widget\" data-settings=\"{&quot;_animation&quot;:&quot;none&quot;}\" data-widget_type=\"heading.default\">\n\t\t\t\t<div class=\"elementor-widget-container\">\n\t\t\t<h2 class=\"elementor-heading-title elementor-size-default\"><span class=\"elementor-heading-title elementor-size-default elementor-inline-editing pen\" data-elementor-setting-key=\"title\" data-pen-placeholder=\"\u00c9crivez ici...\">L'IDAY MERCH : <\/span>ARTICLE 9.2 \u2013 PROPRI\u00c9TE DES DOCUMENTS COMMUNIQU\u00c9S PAR LE CLIENT AU\nPRESTATAIRE<\/h2>\t\t<\/div>\n\t\t\t\t<\/div>\n\t\t\t\t\t\t<\/div>\n\t\t\t\t\t<\/div>\n\t\t<\/div>\n\t\t\t\t\t\t\t\t<\/div>\n\t\t\t\t\t<\/div>\n\t\t<\/section>\n\t\t\t\t<section class=\"elementor-section elementor-top-section elementor-element elementor-element-b490ec0 elementor-section-height-min-height elementor-section-items-top elementor-section-boxed elementor-section-height-default\" data-id=\"b490ec0\" data-element_type=\"section\">\n\t\t\t\t\t\t<div class=\"elementor-container elementor-column-gap-default\">\n\t\t\t\t\t\t\t<div class=\"elementor-row\">\n\t\t\t\t\t<div class=\"elementor-column elementor-col-100 elementor-top-column elementor-element elementor-element-3355216\" data-id=\"3355216\" data-element_type=\"column\">\n\t\t\t<div class=\"elementor-column-wrap elementor-element-populated\">\n\t\t\t\t\t\t\t<div class=\"elementor-widget-wrap\">\n\t\t\t\t\t\t<div class=\"elementor-element elementor-element-83a676a elementor-widget elementor-widget-heading\" data-id=\"83a676a\" data-element_type=\"widget\" data-widget_type=\"heading.default\">\n\t\t\t\t<div class=\"elementor-widget-container\">\n\t\t\t<p class=\"elementor-heading-title elementor-size-default\">Tous plans, \u00e9tudes, dessins, projets, sch\u00e9mas et en g\u00e9n\u00e9ral tous documents relatifs \u00e0\nl\u2019ex\u00e9cution des Prestations, ainsi que tous renseignements d'ordre technique ou\ncommercial fournis \u00e0 l'occasion d'une Prestation \u00e9ventuelle par le Client au Prestataire\npourront \u00eatre reproduits, conserv\u00e9s ou communiqu\u00e9s \u00e0 des tiers par le Prestataire sans\nque le Client puisse s\u2019y opposer ou pr\u00e9tendre \u00e0 une quelconque indemnit\u00e9, \u00e0\nl\u2019exclusion cependant de toute information confidentielle d\u00e9sign\u00e9e comme telle dans\nle Contrat ou couverte par un accord sp\u00e9cifique de confidentialit\u00e9.<\/p>\t\t<\/div>\n\t\t\t\t<\/div>\n\t\t\t\t\t\t<\/div>\n\t\t\t\t\t<\/div>\n\t\t<\/div>\n\t\t\t\t\t\t\t\t<\/div>\n\t\t\t\t\t<\/div>\n\t\t<\/section>\n\t\t\t\t<section class=\"elementor-section elementor-top-section elementor-element elementor-element-f93cb24 elementor-section-height-min-height elementor-section-boxed elementor-section-height-default elementor-section-items-middle\" data-id=\"f93cb24\" data-element_type=\"section\">\n\t\t\t\t\t\t<div class=\"elementor-container elementor-column-gap-default\">\n\t\t\t\t\t\t\t<div class=\"elementor-row\">\n\t\t\t\t\t<div class=\"elementor-column elementor-col-100 elementor-top-column elementor-element elementor-element-abbbff9\" data-id=\"abbbff9\" data-element_type=\"column\">\n\t\t\t<div class=\"elementor-column-wrap elementor-element-populated\">\n\t\t\t\t\t\t\t<div class=\"elementor-widget-wrap\">\n\t\t\t\t\t\t<div class=\"elementor-element elementor-element-9693520 elementor-widget elementor-widget-heading\" data-id=\"9693520\" data-element_type=\"widget\" data-settings=\"{&quot;_animation&quot;:&quot;none&quot;}\" data-widget_type=\"heading.default\">\n\t\t\t\t<div class=\"elementor-widget-container\">\n\t\t\t<h2 class=\"elementor-heading-title elementor-size-default\"><span class=\"elementor-heading-title elementor-size-default elementor-inline-editing pen\" data-elementor-setting-key=\"title\" data-pen-placeholder=\"\u00c9crivez ici...\">L'IDAY MERCH : <\/span>ARTICLE 10 \u2013 PROPRI\u00c9TE INTELLECTUELLE<\/h2>\t\t<\/div>\n\t\t\t\t<\/div>\n\t\t\t\t\t\t<\/div>\n\t\t\t\t\t<\/div>\n\t\t<\/div>\n\t\t\t\t\t\t\t\t<\/div>\n\t\t\t\t\t<\/div>\n\t\t<\/section>\n\t\t\t\t<section class=\"elementor-section elementor-top-section elementor-element elementor-element-1d32f1a elementor-section-height-min-height elementor-section-items-top elementor-section-boxed elementor-section-height-default\" data-id=\"1d32f1a\" data-element_type=\"section\">\n\t\t\t\t\t\t<div class=\"elementor-container elementor-column-gap-default\">\n\t\t\t\t\t\t\t<div class=\"elementor-row\">\n\t\t\t\t\t<div class=\"elementor-column elementor-col-100 elementor-top-column elementor-element elementor-element-46cf220\" data-id=\"46cf220\" data-element_type=\"column\">\n\t\t\t<div class=\"elementor-column-wrap elementor-element-populated\">\n\t\t\t\t\t\t\t<div class=\"elementor-widget-wrap\">\n\t\t\t\t\t\t<div class=\"elementor-element elementor-element-e684436 elementor-widget elementor-widget-heading\" data-id=\"e684436\" data-element_type=\"widget\" data-widget_type=\"heading.default\">\n\t\t\t\t<div class=\"elementor-widget-container\">\n\t\t\t<p class=\"elementor-heading-title elementor-size-default\">Le Prestataire reste propri\u00e9taire de tous les droits de propri\u00e9t\u00e9 intellectuelle sur les\nr\u00e9sultats, \u00e9tudes, dessins, mod\u00e8les, prototypes, etc. et tout document r\u00e9alis\u00e9s (m\u00eame\n\u00e0 la demande du Client) en vue de la fourniture des Prestations au Client.\nLe Client s'interdit donc toute reproduction ou exploitation desdits documents, sans\nl'autorisation expresse, \u00e9crite et pr\u00e9alable du Prestataire qui peut la conditionner \u00e0\nune contrepartie financi\u00e8re.<\/p>\t\t<\/div>\n\t\t\t\t<\/div>\n\t\t\t\t\t\t<\/div>\n\t\t\t\t\t<\/div>\n\t\t<\/div>\n\t\t\t\t\t\t\t\t<\/div>\n\t\t\t\t\t<\/div>\n\t\t<\/section>\n\t\t\t\t<section class=\"elementor-section elementor-top-section elementor-element elementor-element-d7bfb0b elementor-section-height-min-height elementor-section-boxed elementor-section-height-default elementor-section-items-middle\" data-id=\"d7bfb0b\" data-element_type=\"section\">\n\t\t\t\t\t\t<div class=\"elementor-container elementor-column-gap-default\">\n\t\t\t\t\t\t\t<div class=\"elementor-row\">\n\t\t\t\t\t<div class=\"elementor-column elementor-col-100 elementor-top-column elementor-element elementor-element-83e1141\" data-id=\"83e1141\" data-element_type=\"column\">\n\t\t\t<div class=\"elementor-column-wrap elementor-element-populated\">\n\t\t\t\t\t\t\t<div class=\"elementor-widget-wrap\">\n\t\t\t\t\t\t<div class=\"elementor-element elementor-element-c5927ce elementor-widget elementor-widget-heading\" data-id=\"c5927ce\" data-element_type=\"widget\" data-settings=\"{&quot;_animation&quot;:&quot;none&quot;}\" data-widget_type=\"heading.default\">\n\t\t\t\t<div class=\"elementor-widget-container\">\n\t\t\t<h2 class=\"elementor-heading-title elementor-size-default\"><span class=\"elementor-heading-title elementor-size-default elementor-inline-editing pen\" data-elementor-setting-key=\"title\" data-pen-placeholder=\"\u00c9crivez ici...\">L'IDAY MERCH : <\/span>ARTICLE 11 \u2013 CONFIDENTIALIT\u00c9<\/h2>\t\t<\/div>\n\t\t\t\t<\/div>\n\t\t\t\t\t\t<\/div>\n\t\t\t\t\t<\/div>\n\t\t<\/div>\n\t\t\t\t\t\t\t\t<\/div>\n\t\t\t\t\t<\/div>\n\t\t<\/section>\n\t\t\t\t<section class=\"elementor-section elementor-top-section elementor-element elementor-element-2d06504 elementor-section-height-min-height elementor-section-items-top elementor-section-boxed elementor-section-height-default\" data-id=\"2d06504\" data-element_type=\"section\">\n\t\t\t\t\t\t<div class=\"elementor-container elementor-column-gap-default\">\n\t\t\t\t\t\t\t<div class=\"elementor-row\">\n\t\t\t\t\t<div class=\"elementor-column elementor-col-100 elementor-top-column elementor-element elementor-element-d1dc9b4\" data-id=\"d1dc9b4\" data-element_type=\"column\">\n\t\t\t<div class=\"elementor-column-wrap elementor-element-populated\">\n\t\t\t\t\t\t\t<div class=\"elementor-widget-wrap\">\n\t\t\t\t\t\t<div class=\"elementor-element elementor-element-c8ede5d elementor-widget elementor-widget-heading\" data-id=\"c8ede5d\" data-element_type=\"widget\" data-widget_type=\"heading.default\">\n\t\t\t\t<div class=\"elementor-widget-container\">\n\t\t\t<p class=\"elementor-heading-title elementor-size-default\">Chacune des Parties s'engage \u00e0 ne pas divulguer les informations confidentielles re\u00e7ues\nde l'autre partie.\nLes informations confidentielles s'entendent des informations de toute nature,\nvisuelles ou orales, sur quelque support que ce soit, relatives \u00e0 la structure,\nl'organisation, les affaires, les politiques internes diverses, les projets et le personnel\nde chacune des parties.\nSous r\u00e9serve des exceptions vis\u00e9es ci-apr\u00e8s, la pr\u00e9sente obligation de confidentialit\u00e9\nproduira ses effets pendant une dur\u00e9e de 2 (deux) ans suivant le terme des Prestations.\nOnt \u00e9galement un caract\u00e8re confidentiel, le contenu des Prestations ainsi que les\nrapports, courriers, informations, notes, devis, fournis par le Prestataire au cours de\nl'ex\u00e9cution des Prestations. Ces documents sont communiqu\u00e9s au Client pour un usage\nstrictement interne et \u00e0 la condition de ne pas les divulguer \u00e0 des tiers ni de les annexer\n\u00e0 un document qu'il serait amen\u00e9 \u00e0 produire. Si le Client souhaite que tout ou partie\nde ces documents soient divulgu\u00e9s \u00e0\/ou utilis\u00e9s par un tiers, il doit en demander\nl'autorisation pr\u00e9alable par \u00e9crit au Prestataire. Des modalit\u00e9s applicables \u00e0 cette\ndivulgation seront alors fix\u00e9es.\nLes obligations et restrictions \u00e9nonc\u00e9es ci-dessus ne s'appliquent pas aux informations\nqui :\n- appartiennent au domaine public, ou ont \u00e9t\u00e9 acquises librement avant le d\u00e9but\nde la Prestation ;\n- sont ou deviennent connues autrement qu'\u00e0 la suite d'une violation du pr\u00e9sent\narticle ;\n- sont ou deviennent connues gr\u00e2ce \u00e0 d'autres sources non tenues \u00e0 une restriction\nde divulgation ;\n- doivent \u00eatre communiqu\u00e9es en vertu d'une obligation l\u00e9gale ou professionnelle\nou \u00e0 la demande de toute autorit\u00e9 judiciaire ou r\u00e9glementaire habilit\u00e9e \u00e0 exiger\nla divulgation des informations confidentielles.\nSous r\u00e9serve de ses obligations en mati\u00e8re de confidentialit\u00e9, le Prestataire se r\u00e9serve\nle droit d'ex\u00e9cuter des Prestations pour des entreprises concurrentes de celle du\nClient.<\/p>\t\t<\/div>\n\t\t\t\t<\/div>\n\t\t\t\t\t\t<\/div>\n\t\t\t\t\t<\/div>\n\t\t<\/div>\n\t\t\t\t\t\t\t\t<\/div>\n\t\t\t\t\t<\/div>\n\t\t<\/section>\n\t\t\t\t<section class=\"elementor-section elementor-top-section elementor-element elementor-element-840b642 elementor-section-height-min-height elementor-section-boxed elementor-section-height-default elementor-section-items-middle\" data-id=\"840b642\" data-element_type=\"section\">\n\t\t\t\t\t\t<div class=\"elementor-container elementor-column-gap-default\">\n\t\t\t\t\t\t\t<div class=\"elementor-row\">\n\t\t\t\t\t<div class=\"elementor-column elementor-col-100 elementor-top-column elementor-element elementor-element-7ec0314\" data-id=\"7ec0314\" data-element_type=\"column\">\n\t\t\t<div class=\"elementor-column-wrap elementor-element-populated\">\n\t\t\t\t\t\t\t<div class=\"elementor-widget-wrap\">\n\t\t\t\t\t\t<div class=\"elementor-element elementor-element-12fac22 elementor-widget elementor-widget-heading\" data-id=\"12fac22\" data-element_type=\"widget\" data-settings=\"{&quot;_animation&quot;:&quot;none&quot;}\" data-widget_type=\"heading.default\">\n\t\t\t\t<div class=\"elementor-widget-container\">\n\t\t\t<h2 class=\"elementor-heading-title elementor-size-default\"><span class=\"elementor-heading-title elementor-size-default elementor-inline-editing pen\" data-elementor-setting-key=\"title\" data-pen-placeholder=\"\u00c9crivez ici...\">L'IDAY MERCH : <\/span>ARTICLE 12 \u2013 ASSURANCES<\/h2>\t\t<\/div>\n\t\t\t\t<\/div>\n\t\t\t\t\t\t<\/div>\n\t\t\t\t\t<\/div>\n\t\t<\/div>\n\t\t\t\t\t\t\t\t<\/div>\n\t\t\t\t\t<\/div>\n\t\t<\/section>\n\t\t\t\t<section class=\"elementor-section elementor-top-section elementor-element elementor-element-c6fe5be elementor-section-height-min-height elementor-section-items-top elementor-section-boxed elementor-section-height-default\" data-id=\"c6fe5be\" data-element_type=\"section\">\n\t\t\t\t\t\t<div class=\"elementor-container elementor-column-gap-default\">\n\t\t\t\t\t\t\t<div class=\"elementor-row\">\n\t\t\t\t\t<div class=\"elementor-column elementor-col-100 elementor-top-column elementor-element elementor-element-d272634\" data-id=\"d272634\" data-element_type=\"column\">\n\t\t\t<div class=\"elementor-column-wrap elementor-element-populated\">\n\t\t\t\t\t\t\t<div class=\"elementor-widget-wrap\">\n\t\t\t\t\t\t<div class=\"elementor-element elementor-element-6ac06ad elementor-widget elementor-widget-heading\" data-id=\"6ac06ad\" data-element_type=\"widget\" data-widget_type=\"heading.default\">\n\t\t\t\t<div class=\"elementor-widget-container\">\n\t\t\t<p class=\"elementor-heading-title elementor-size-default\">Le Prestataire atteste avoir souscrit et s\u2019engage \u00e0 maintenir en vigueur pendant toute\nla dur\u00e9e de ses engagements, au titre du pr\u00e9sent contrat, une assurance civile\nprofessionnelle pour des niveaux suffisants, aupr\u00e8s d\u2019une compagnie d\u2019assurances\nnotoirement solvable et \u00e9tablie en France, garantissant les cons\u00e9quences p\u00e9cuniaires\nde sa responsabilit\u00e9 civile, professionnelle et\/ou contractuelle du fait des dommages\net pr\u00e9judices qui pourraient \u00eatre caus\u00e9s au client et \u00e0 tout tiers dans le cadre de\nl\u2019ex\u00e9cution du pr\u00e9sent contrat.\n\u00c0 tout moment, le Prestataire devra justifier du maintien des garanties et du paiement\ndes primes de son contrat d'assurance.<\/p>\t\t<\/div>\n\t\t\t\t<\/div>\n\t\t\t\t\t\t<\/div>\n\t\t\t\t\t<\/div>\n\t\t<\/div>\n\t\t\t\t\t\t\t\t<\/div>\n\t\t\t\t\t<\/div>\n\t\t<\/section>\n\t\t\t\t<section class=\"elementor-section elementor-top-section elementor-element elementor-element-ba4c0df elementor-section-height-min-height elementor-section-boxed elementor-section-height-default elementor-section-items-middle\" data-id=\"ba4c0df\" data-element_type=\"section\">\n\t\t\t\t\t\t<div class=\"elementor-container elementor-column-gap-default\">\n\t\t\t\t\t\t\t<div class=\"elementor-row\">\n\t\t\t\t\t<div class=\"elementor-column elementor-col-100 elementor-top-column elementor-element elementor-element-b8104d4\" data-id=\"b8104d4\" data-element_type=\"column\">\n\t\t\t<div class=\"elementor-column-wrap elementor-element-populated\">\n\t\t\t\t\t\t\t<div class=\"elementor-widget-wrap\">\n\t\t\t\t\t\t<div class=\"elementor-element elementor-element-2613f53 elementor-widget elementor-widget-heading\" data-id=\"2613f53\" data-element_type=\"widget\" data-settings=\"{&quot;_animation&quot;:&quot;none&quot;}\" data-widget_type=\"heading.default\">\n\t\t\t\t<div class=\"elementor-widget-container\">\n\t\t\t<h2 class=\"elementor-heading-title elementor-size-default\"><span class=\"elementor-heading-title elementor-size-default elementor-inline-editing pen\" data-elementor-setting-key=\"title\" data-pen-placeholder=\"\u00c9crivez ici...\">L'IDAY MERCH : <\/span>ARTICLE 13 \u2013 NON-SOLLICITATION<\/h2>\t\t<\/div>\n\t\t\t\t<\/div>\n\t\t\t\t\t\t<\/div>\n\t\t\t\t\t<\/div>\n\t\t<\/div>\n\t\t\t\t\t\t\t\t<\/div>\n\t\t\t\t\t<\/div>\n\t\t<\/section>\n\t\t\t\t<section class=\"elementor-section elementor-top-section elementor-element elementor-element-7f49e71 elementor-section-height-min-height elementor-section-items-top elementor-section-boxed elementor-section-height-default\" data-id=\"7f49e71\" data-element_type=\"section\">\n\t\t\t\t\t\t<div class=\"elementor-container elementor-column-gap-default\">\n\t\t\t\t\t\t\t<div class=\"elementor-row\">\n\t\t\t\t\t<div class=\"elementor-column elementor-col-100 elementor-top-column elementor-element elementor-element-f03e8c2\" data-id=\"f03e8c2\" data-element_type=\"column\">\n\t\t\t<div class=\"elementor-column-wrap elementor-element-populated\">\n\t\t\t\t\t\t\t<div class=\"elementor-widget-wrap\">\n\t\t\t\t\t\t<div class=\"elementor-element elementor-element-e22cff9 elementor-widget elementor-widget-heading\" data-id=\"e22cff9\" data-element_type=\"widget\" data-widget_type=\"heading.default\">\n\t\t\t\t<div class=\"elementor-widget-container\">\n\t\t\t<p class=\"elementor-heading-title elementor-size-default\">Le Client s'engage \u00e0 ne pas solliciter ni d\u00e9marcher directement ou indirectement le\npersonnel du Prestataire (en ce inclus notamment tout salari\u00e9, personnel mis \u00e0\ndisposition et\/ou sous-traitant du Prestataire participant ou ayant particip\u00e9,\ndirectement ou indirectement, \u00e0 l\u2019ex\u00e9cution des Prestations, pendant toute la dur\u00e9e\nd\u2019ex\u00e9cution du Contrat et pendant une dur\u00e9e de vingt-quatre (24) mois \u00e0 compter de\nson expiration). Toute violation de cet engagement entra\u00eenera le paiement par le Client\nde dommages et int\u00e9r\u00eats au profit du Prestataire fix\u00e9 forfaitairement \u00e0 une (1) fois le\nmontant du\/ou des salaire(s) annuel(s) brut(s) du ou des salari\u00e9(s) concern\u00e9(s).<\/p>\t\t<\/div>\n\t\t\t\t<\/div>\n\t\t\t\t\t\t<\/div>\n\t\t\t\t\t<\/div>\n\t\t<\/div>\n\t\t\t\t\t\t\t\t<\/div>\n\t\t\t\t\t<\/div>\n\t\t<\/section>\n\t\t\t\t<section class=\"elementor-section elementor-top-section elementor-element elementor-element-61b770e elementor-section-height-min-height elementor-section-boxed elementor-section-height-default elementor-section-items-middle\" data-id=\"61b770e\" data-element_type=\"section\">\n\t\t\t\t\t\t<div class=\"elementor-container elementor-column-gap-default\">\n\t\t\t\t\t\t\t<div class=\"elementor-row\">\n\t\t\t\t\t<div class=\"elementor-column elementor-col-100 elementor-top-column elementor-element elementor-element-8695831\" data-id=\"8695831\" data-element_type=\"column\">\n\t\t\t<div class=\"elementor-column-wrap elementor-element-populated\">\n\t\t\t\t\t\t\t<div class=\"elementor-widget-wrap\">\n\t\t\t\t\t\t<div class=\"elementor-element elementor-element-968a58b elementor-widget elementor-widget-heading\" data-id=\"968a58b\" data-element_type=\"widget\" data-settings=\"{&quot;_animation&quot;:&quot;none&quot;}\" data-widget_type=\"heading.default\">\n\t\t\t\t<div class=\"elementor-widget-container\">\n\t\t\t<h2 class=\"elementor-heading-title elementor-size-default\"><span class=\"elementor-heading-title elementor-size-default elementor-inline-editing pen\" data-elementor-setting-key=\"title\" data-pen-placeholder=\"\u00c9crivez ici...\">L'IDAY MERCH : <\/span>ARTICLE 14 \u2013 UTILISATION DU NOM DU PRESTATAIRE ET DU CLIENT<\/h2>\t\t<\/div>\n\t\t\t\t<\/div>\n\t\t\t\t\t\t<\/div>\n\t\t\t\t\t<\/div>\n\t\t<\/div>\n\t\t\t\t\t\t\t\t<\/div>\n\t\t\t\t\t<\/div>\n\t\t<\/section>\n\t\t\t\t<section class=\"elementor-section elementor-top-section elementor-element elementor-element-cfc7abb elementor-section-height-min-height elementor-section-items-top elementor-section-boxed elementor-section-height-default\" data-id=\"cfc7abb\" data-element_type=\"section\">\n\t\t\t\t\t\t<div class=\"elementor-container elementor-column-gap-default\">\n\t\t\t\t\t\t\t<div class=\"elementor-row\">\n\t\t\t\t\t<div class=\"elementor-column elementor-col-100 elementor-top-column elementor-element elementor-element-bb2bb38\" data-id=\"bb2bb38\" data-element_type=\"column\">\n\t\t\t<div class=\"elementor-column-wrap elementor-element-populated\">\n\t\t\t\t\t\t\t<div class=\"elementor-widget-wrap\">\n\t\t\t\t\t\t<div class=\"elementor-element elementor-element-19e022a elementor-widget elementor-widget-heading\" data-id=\"19e022a\" data-element_type=\"widget\" data-widget_type=\"heading.default\">\n\t\t\t\t<div class=\"elementor-widget-container\">\n\t\t\t<p class=\"elementor-heading-title elementor-size-default\">Toute utilisation par le Client \u00e0 des fins promotionnelles ou publicitaires de la\nd\u00e9nomination sociale, des enseignes commerciales, ou des marques du Prestataire ou\nde ses filiales devra faire l\u2019objet d\u2019un accord pr\u00e9alable \u00e9crit du Prestataire.\nLe Client autorise le Prestataire \u00e0 citer le nom du Client, la d\u00e9nomination usuelle et les\nnoms commerciaux du Client, y compris lorsqu\u2019ils seraient poss\u00e9d\u00e9s \u00e0 titre de marque,\n\u00e0 titre de r\u00e9f\u00e9rence commerciale dans tout document destin\u00e9 \u00e0 promouvoir l\u2019activit\u00e9\ndu Prestataire, notamment sur son site Internet, pour une dur\u00e9e illimit\u00e9e.<\/p>\t\t<\/div>\n\t\t\t\t<\/div>\n\t\t\t\t\t\t<\/div>\n\t\t\t\t\t<\/div>\n\t\t<\/div>\n\t\t\t\t\t\t\t\t<\/div>\n\t\t\t\t\t<\/div>\n\t\t<\/section>\n\t\t\t\t<section class=\"elementor-section elementor-top-section elementor-element elementor-element-5fa32f7 elementor-section-height-min-height elementor-section-boxed elementor-section-height-default elementor-section-items-middle\" data-id=\"5fa32f7\" data-element_type=\"section\">\n\t\t\t\t\t\t<div class=\"elementor-container elementor-column-gap-default\">\n\t\t\t\t\t\t\t<div class=\"elementor-row\">\n\t\t\t\t\t<div class=\"elementor-column elementor-col-100 elementor-top-column elementor-element elementor-element-6bfa957\" data-id=\"6bfa957\" data-element_type=\"column\">\n\t\t\t<div class=\"elementor-column-wrap elementor-element-populated\">\n\t\t\t\t\t\t\t<div class=\"elementor-widget-wrap\">\n\t\t\t\t\t\t<div class=\"elementor-element elementor-element-7592e11 elementor-widget elementor-widget-heading\" data-id=\"7592e11\" data-element_type=\"widget\" data-settings=\"{&quot;_animation&quot;:&quot;none&quot;}\" data-widget_type=\"heading.default\">\n\t\t\t\t<div class=\"elementor-widget-container\">\n\t\t\t<h2 class=\"elementor-heading-title elementor-size-default\"><span class=\"elementor-heading-title elementor-size-default elementor-inline-editing pen\" data-elementor-setting-key=\"title\" data-pen-placeholder=\"\u00c9crivez ici...\">L'IDAY MERCH : <\/span>ARTICLE 15 \u2013 EXPORT<\/h2>\t\t<\/div>\n\t\t\t\t<\/div>\n\t\t\t\t\t\t<\/div>\n\t\t\t\t\t<\/div>\n\t\t<\/div>\n\t\t\t\t\t\t\t\t<\/div>\n\t\t\t\t\t<\/div>\n\t\t<\/section>\n\t\t\t\t<section class=\"elementor-section elementor-top-section elementor-element elementor-element-212d96f elementor-section-height-min-height elementor-section-items-top elementor-section-boxed elementor-section-height-default\" data-id=\"212d96f\" data-element_type=\"section\">\n\t\t\t\t\t\t<div class=\"elementor-container elementor-column-gap-default\">\n\t\t\t\t\t\t\t<div class=\"elementor-row\">\n\t\t\t\t\t<div class=\"elementor-column elementor-col-100 elementor-top-column elementor-element elementor-element-324b33c\" data-id=\"324b33c\" data-element_type=\"column\">\n\t\t\t<div class=\"elementor-column-wrap elementor-element-populated\">\n\t\t\t\t\t\t\t<div class=\"elementor-widget-wrap\">\n\t\t\t\t\t\t<div class=\"elementor-element elementor-element-7b39e84 elementor-widget elementor-widget-heading\" data-id=\"7b39e84\" data-element_type=\"widget\" data-widget_type=\"heading.default\">\n\t\t\t\t<div class=\"elementor-widget-container\">\n\t\t\t<p class=\"elementor-heading-title elementor-size-default\">Dans certains pays, des taxes suppl\u00e9mentaires peuvent \u00eatre dues \u00e0 l\u2019administration\nfiscale locale \u00e0 r\u00e9ception du mat\u00e9riel et informations par le Client. Ce dernier est seul\nredevable du paiement de tels droits et taxes d\u2019importation. Le Client est invit\u00e9 \u00e0 se\nrapprocher du bureau des douanes local pour obtenir de plus amples informations\navant de passer commande. Le Client en outre s\u2019engage \u00e0 respecter les lois et\nr\u00e9glementations applicables dans le pays auquel sont destin\u00e9s le mat\u00e9riel objet des\nPrestations, le Prestataire d\u00e9clinant toute responsabilit\u00e9 de ce chef.\nLe Client s\u2019engage enfin \u00e0 ne pas exporter les produits livr\u00e9s par le Prestataire vers un\npays faisant partie de la liste des pays d\u00e9clar\u00e9s sous embargo par les autorit\u00e9s\nam\u00e9ricaines et\/ou europ\u00e9ennes.<\/p>\t\t<\/div>\n\t\t\t\t<\/div>\n\t\t\t\t\t\t<\/div>\n\t\t\t\t\t<\/div>\n\t\t<\/div>\n\t\t\t\t\t\t\t\t<\/div>\n\t\t\t\t\t<\/div>\n\t\t<\/section>\n\t\t\t\t<section class=\"elementor-section elementor-top-section elementor-element elementor-element-559d311 elementor-section-height-min-height elementor-section-boxed elementor-section-height-default elementor-section-items-middle\" data-id=\"559d311\" data-element_type=\"section\">\n\t\t\t\t\t\t<div class=\"elementor-container elementor-column-gap-default\">\n\t\t\t\t\t\t\t<div class=\"elementor-row\">\n\t\t\t\t\t<div class=\"elementor-column elementor-col-100 elementor-top-column elementor-element elementor-element-efd3de5\" data-id=\"efd3de5\" data-element_type=\"column\">\n\t\t\t<div class=\"elementor-column-wrap elementor-element-populated\">\n\t\t\t\t\t\t\t<div class=\"elementor-widget-wrap\">\n\t\t\t\t\t\t<div class=\"elementor-element elementor-element-4244dae elementor-widget elementor-widget-heading\" data-id=\"4244dae\" data-element_type=\"widget\" data-settings=\"{&quot;_animation&quot;:&quot;none&quot;}\" data-widget_type=\"heading.default\">\n\t\t\t\t<div class=\"elementor-widget-container\">\n\t\t\t<h2 class=\"elementor-heading-title elementor-size-default\"><span class=\"elementor-heading-title elementor-size-default elementor-inline-editing pen\" data-elementor-setting-key=\"title\" data-pen-placeholder=\"\u00c9crivez ici...\">L'IDAY MERCH : <\/span>ARTICLE 16 \u2013 LITIGES ET LOI APPLICABLE<\/h2>\t\t<\/div>\n\t\t\t\t<\/div>\n\t\t\t\t\t\t<\/div>\n\t\t\t\t\t<\/div>\n\t\t<\/div>\n\t\t\t\t\t\t\t\t<\/div>\n\t\t\t\t\t<\/div>\n\t\t<\/section>\n\t\t\t\t<section class=\"elementor-section elementor-top-section elementor-element elementor-element-f9c2ed8 elementor-section-height-min-height elementor-section-items-top elementor-section-boxed elementor-section-height-default\" data-id=\"f9c2ed8\" data-element_type=\"section\">\n\t\t\t\t\t\t<div class=\"elementor-container elementor-column-gap-default\">\n\t\t\t\t\t\t\t<div class=\"elementor-row\">\n\t\t\t\t\t<div class=\"elementor-column elementor-col-100 elementor-top-column elementor-element elementor-element-9f822ca\" data-id=\"9f822ca\" data-element_type=\"column\">\n\t\t\t<div class=\"elementor-column-wrap elementor-element-populated\">\n\t\t\t\t\t\t\t<div class=\"elementor-widget-wrap\">\n\t\t\t\t\t\t<div class=\"elementor-element elementor-element-d19ff9e elementor-widget elementor-widget-heading\" data-id=\"d19ff9e\" data-element_type=\"widget\" data-widget_type=\"heading.default\">\n\t\t\t\t<div class=\"elementor-widget-container\">\n\t\t\t<p class=\"elementor-heading-title elementor-size-default\">Les pr\u00e9sentes Conditions G\u00e9n\u00e9rales de Vente sont soumises \u00e0 la loi fran\u00e7aise. Elles sont\nr\u00e9dig\u00e9es en langue fran\u00e7aise. Dans le cas o\u00f9 elles seraient traduites en une ou plusieurs\nlangues, seul le texte fran\u00e7ais ferait foi en cas de litige.\nTout diff\u00e9rend, non r\u00e9solu \u00e0 l\u2019amiable entre les Parties dans le d\u00e9lai d\u2019un (1) mois (sauf\nd\u00e9lai plus long convenu entre les Parties), et relatif \u00e0 la validit\u00e9, l\u2019ex\u00e9cution ou\nl\u2019interpr\u00e9tation des pr\u00e9sentes Conditions G\u00e9n\u00e9rales de Vente sera soumis \u00e0 la\ncomp\u00e9tence du Tribunal de Commerce de Lille, y compris en cas de pluralit\u00e9 de\nd\u00e9fendeurs.<\/p>\t\t<\/div>\n\t\t\t\t<\/div>\n\t\t\t\t\t\t<\/div>\n\t\t\t\t\t<\/div>\n\t\t<\/div>\n\t\t\t\t\t\t\t\t<\/div>\n\t\t\t\t\t<\/div>\n\t\t<\/section>\n\t\t\t\t<section class=\"elementor-section elementor-top-section elementor-element elementor-element-497ddf8 elementor-section-height-min-height elementor-section-boxed elementor-section-height-default elementor-section-items-middle\" data-id=\"497ddf8\" data-element_type=\"section\">\n\t\t\t\t\t\t<div class=\"elementor-container elementor-column-gap-default\">\n\t\t\t\t\t\t\t<div class=\"elementor-row\">\n\t\t\t\t\t<div class=\"elementor-column elementor-col-100 elementor-top-column elementor-element elementor-element-27b77b6\" data-id=\"27b77b6\" data-element_type=\"column\">\n\t\t\t<div class=\"elementor-column-wrap elementor-element-populated\">\n\t\t\t\t\t\t\t<div class=\"elementor-widget-wrap\">\n\t\t\t\t\t\t<div class=\"elementor-element elementor-element-c9bcc13 elementor-widget elementor-widget-heading\" data-id=\"c9bcc13\" data-element_type=\"widget\" data-settings=\"{&quot;_animation&quot;:&quot;none&quot;}\" data-widget_type=\"heading.default\">\n\t\t\t\t<div class=\"elementor-widget-container\">\n\t\t\t<h2 class=\"elementor-heading-title elementor-size-default\"><span class=\"elementor-heading-title elementor-size-default elementor-inline-editing pen\" data-elementor-setting-key=\"title\" data-pen-placeholder=\"\u00c9crivez ici...\">L'IDAY MERCH : <\/span>ARTICLE 17 \u2013 AUTONOMIE DES CLAUSES<\/h2>\t\t<\/div>\n\t\t\t\t<\/div>\n\t\t\t\t\t\t<\/div>\n\t\t\t\t\t<\/div>\n\t\t<\/div>\n\t\t\t\t\t\t\t\t<\/div>\n\t\t\t\t\t<\/div>\n\t\t<\/section>\n\t\t\t\t<section class=\"elementor-section elementor-top-section elementor-element elementor-element-dc0f8f9 elementor-section-height-min-height elementor-section-items-top elementor-section-boxed elementor-section-height-default\" data-id=\"dc0f8f9\" data-element_type=\"section\">\n\t\t\t\t\t\t<div class=\"elementor-container elementor-column-gap-default\">\n\t\t\t\t\t\t\t<div class=\"elementor-row\">\n\t\t\t\t\t<div class=\"elementor-column elementor-col-100 elementor-top-column elementor-element elementor-element-4155746\" data-id=\"4155746\" data-element_type=\"column\">\n\t\t\t<div class=\"elementor-column-wrap elementor-element-populated\">\n\t\t\t\t\t\t\t<div class=\"elementor-widget-wrap\">\n\t\t\t\t\t\t<div class=\"elementor-element elementor-element-18b7d19 elementor-widget elementor-widget-heading\" data-id=\"18b7d19\" data-element_type=\"widget\" data-widget_type=\"heading.default\">\n\t\t\t\t<div class=\"elementor-widget-container\">\n\t\t\t<p class=\"elementor-heading-title elementor-size-default\">Les dispositions des pr\u00e9sentes Conditions G\u00e9n\u00e9rales sont distinctes et autonomes les\nunes par rapport aux autres. \u00c0 tout moment, si une ou plusieurs de ces dispositions\ndevenaient invalide(s), ill\u00e9gale(s), ou inapplicable(s) au regard de la loi, d\u2019un texte\nr\u00e9glementaire, ou d\u2019une d\u00e9cision judiciaire, la l\u00e9galit\u00e9 et l\u2019applicabilit\u00e9 des dispositions\nrestants ne sera pas affect\u00e9e, et les Parties conviennent de leurs substituer des\ndispositions similaires qui ne soient pas elles-m\u00eames invalid\u00e9es, ill\u00e9gales ou\ninapplicables.<\/p>\t\t<\/div>\n\t\t\t\t<\/div>\n\t\t\t\t\t\t<\/div>\n\t\t\t\t\t<\/div>\n\t\t<\/div>\n\t\t\t\t\t\t\t\t<\/div>\n\t\t\t\t\t<\/div>\n\t\t<\/section>\n\t\t\t\t\t\t<\/div>\n\t\t\t\t\t\t<\/div>\n\t\t\t\t\t<\/div>\n\t\t","protected":false},"excerpt":{"rendered":"<p>L&rsquo;IDAY MERCHCONDITIONS G\u00c9N\u00c9RALES DE VENTE VERSION APPLICABLE \u00c0 COMPTER DU 01\/01\/2020 L&rsquo;iday merch conditions g\u00e9n\u00e9rales de vente. Les pr\u00e9sentes Conditions G\u00e9n\u00e9rales de Vente (ci-apr\u00e8s \u00ab les Conditions G\u00e9n\u00e9rales \u00bb) sont conclues entre, d\u2019une part, L&rsquo;Iday Merch, Entreprise Individuelle \u00e0 Responsabilit\u00e9 Limit\u00e9e, inscrite au registre du commerce et des soci\u00e9t\u00e9s d&rsquo;Arras sous le num\u00e9ro 754 036 [&hellip;]<\/p>\n","protected":false},"author":1,"featured_media":0,"parent":0,"menu_order":0,"comment_status":"closed","ping_status":"closed","template":"elementor_header_footer","meta":{"_et_pb_use_builder":"","_et_pb_old_content":"","_et_gb_content_width":""},"yoast_head":"<!-- This site is optimized with the Yoast SEO plugin v16.5 - https:\/\/yoast.com\/wordpress\/plugins\/seo\/ -->\n<title>Conditions g\u00e9n\u00e9rales de vente - L&#039;IDAY MERCH - CGV<\/title>\n<meta name=\"description\" content=\"Conditions G\u00e9n\u00e9rales de Vente (ci-apr\u00e8s \u00ab les Conditions G\u00e9n\u00e9rales \u00bb) sont conclues entre, d\u2019une partn Entreprise Individuelle L&#039;iday Merch\" \/>\n<meta name=\"robots\" content=\"index, follow, max-snippet:-1, max-image-preview:large, max-video-preview:-1\" \/>\n<link rel=\"canonical\" href=\"https:\/\/www.liday-merch.fr\/index.php\/conditions-generales-de-vente-liday-merch\/\" \/>\n<meta property=\"og:locale\" content=\"fr_FR\" \/>\n<meta property=\"og:type\" content=\"article\" \/>\n<meta property=\"og:title\" content=\"Conditions g\u00e9n\u00e9rales de vente - L&#039;IDAY MERCH - CGV\" \/>\n<meta property=\"og:description\" content=\"Conditions G\u00e9n\u00e9rales de Vente (ci-apr\u00e8s \u00ab les Conditions G\u00e9n\u00e9rales \u00bb) sont conclues entre, d\u2019une partn Entreprise Individuelle L&#039;iday Merch\" \/>\n<meta property=\"og:url\" content=\"https:\/\/www.liday-merch.fr\/index.php\/conditions-generales-de-vente-liday-merch\/\" \/>\n<meta property=\"og:site_name\" content=\"L&#039;IDAY MERCH\" \/>\n<meta property=\"article:modified_time\" content=\"2020-11-27T06:25:56+00:00\" \/>\n<meta property=\"og:image\" content=\"https:\/\/www.liday-merch.fr\/wp-content\/uploads\/2020\/09\/LOGO-IDAY-MERCH.png\" \/>\n<meta name=\"twitter:card\" content=\"summary_large_image\" \/>\n<meta name=\"twitter:label1\" content=\"Dur\u00e9e de lecture est.\" \/>\n\t<meta name=\"twitter:data1\" content=\"26 minutes\" \/>\n<script type=\"application\/ld+json\" class=\"yoast-schema-graph\">{\"@context\":\"https:\/\/schema.org\",\"@graph\":[{\"@type\":\"Organization\",\"@id\":\"https:\/\/www.liday-merch.fr\/#organization\",\"name\":\"L'IDAY MERCH\",\"url\":\"https:\/\/www.liday-merch.fr\/\",\"sameAs\":[],\"logo\":{\"@type\":\"ImageObject\",\"@id\":\"https:\/\/www.liday-merch.fr\/#logo\",\"inLanguage\":\"fr-FR\",\"url\":\"https:\/\/www.liday-merch.fr\/wp-content\/uploads\/2020\/11\/Capture-decran-2020-11-16-a-12.44.23.png\",\"contentUrl\":\"https:\/\/www.liday-merch.fr\/wp-content\/uploads\/2020\/11\/Capture-decran-2020-11-16-a-12.44.23.png\",\"width\":189,\"height\":180,\"caption\":\"L'IDAY MERCH\"},\"image\":{\"@id\":\"https:\/\/www.liday-merch.fr\/#logo\"}},{\"@type\":\"WebSite\",\"@id\":\"https:\/\/www.liday-merch.fr\/#website\",\"url\":\"https:\/\/www.liday-merch.fr\/\",\"name\":\"L&#039;IDAY MERCH\",\"description\":\"STYLISME &amp; ACCESSOIRES POUR LE MERCHANDISING\",\"publisher\":{\"@id\":\"https:\/\/www.liday-merch.fr\/#organization\"},\"potentialAction\":[{\"@type\":\"SearchAction\",\"target\":\"https:\/\/www.liday-merch.fr\/?s={search_term_string}\",\"query-input\":\"required name=search_term_string\"}],\"inLanguage\":\"fr-FR\"},{\"@type\":\"ImageObject\",\"@id\":\"https:\/\/www.liday-merch.fr\/index.php\/conditions-generales-de-vente-liday-merch\/#primaryimage\",\"inLanguage\":\"fr-FR\",\"url\":\"https:\/\/www.liday-merch.fr\/wp-content\/uploads\/2020\/09\/LOGO-IDAY-MERCH.png\",\"contentUrl\":\"https:\/\/www.liday-merch.fr\/wp-content\/uploads\/2020\/09\/LOGO-IDAY-MERCH.png\",\"width\":1998,\"height\":893,\"caption\":\"L'IDAY MERCH STYLISME & ACCESSOIRES POUR LE MERCHANDISING\"},{\"@type\":\"WebPage\",\"@id\":\"https:\/\/www.liday-merch.fr\/index.php\/conditions-generales-de-vente-liday-merch\/#webpage\",\"url\":\"https:\/\/www.liday-merch.fr\/index.php\/conditions-generales-de-vente-liday-merch\/\",\"name\":\"Conditions g\\u00e9n\\u00e9rales de vente - L&#039;IDAY MERCH - CGV\",\"isPartOf\":{\"@id\":\"https:\/\/www.liday-merch.fr\/#website\"},\"primaryImageOfPage\":{\"@id\":\"https:\/\/www.liday-merch.fr\/index.php\/conditions-generales-de-vente-liday-merch\/#primaryimage\"},\"datePublished\":\"2020-09-07T10:37:21+00:00\",\"dateModified\":\"2020-11-27T06:25:56+00:00\",\"description\":\"Conditions G\\u00e9n\\u00e9rales de Vente (ci-apr\\u00e8s \\u00ab les Conditions G\\u00e9n\\u00e9rales \\u00bb) sont conclues entre, d\\u2019une partn Entreprise Individuelle L'iday Merch\",\"breadcrumb\":{\"@id\":\"https:\/\/www.liday-merch.fr\/index.php\/conditions-generales-de-vente-liday-merch\/#breadcrumb\"},\"inLanguage\":\"fr-FR\",\"potentialAction\":[{\"@type\":\"ReadAction\",\"target\":[\"https:\/\/www.liday-merch.fr\/index.php\/conditions-generales-de-vente-liday-merch\/\"]}]},{\"@type\":\"BreadcrumbList\",\"@id\":\"https:\/\/www.liday-merch.fr\/index.php\/conditions-generales-de-vente-liday-merch\/#breadcrumb\",\"itemListElement\":[{\"@type\":\"ListItem\",\"position\":1,\"name\":\"Accueil\",\"item\":\"https:\/\/www.liday-merch.fr\/\"},{\"@type\":\"ListItem\",\"position\":2,\"name\":\"Conditions g\\u00e9n\\u00e9rales de vente\"}]}]}<\/script>\n<!-- \/ Yoast SEO plugin. -->","_links":{"self":[{"href":"https:\/\/www.liday-merch.fr\/index.php\/wp-json\/wp\/v2\/pages\/440"}],"collection":[{"href":"https:\/\/www.liday-merch.fr\/index.php\/wp-json\/wp\/v2\/pages"}],"about":[{"href":"https:\/\/www.liday-merch.fr\/index.php\/wp-json\/wp\/v2\/types\/page"}],"author":[{"embeddable":true,"href":"https:\/\/www.liday-merch.fr\/index.php\/wp-json\/wp\/v2\/users\/1"}],"replies":[{"embeddable":true,"href":"https:\/\/www.liday-merch.fr\/index.php\/wp-json\/wp\/v2\/comments?post=440"}],"version-history":[{"count":73,"href":"https:\/\/www.liday-merch.fr\/index.php\/wp-json\/wp\/v2\/pages\/440\/revisions"}],"predecessor-version":[{"id":2862,"href":"https:\/\/www.liday-merch.fr\/index.php\/wp-json\/wp\/v2\/pages\/440\/revisions\/2862"}],"wp:attachment":[{"href":"https:\/\/www.liday-merch.fr\/index.php\/wp-json\/wp\/v2\/media?parent=440"}],"curies":[{"name":"wp","href":"https:\/\/api.w.org\/{rel}","templated":true}]}}